{"id":12694,"date":"2026-08-28T08:59:32","date_gmt":"2026-08-28T11:59:32","guid":{"rendered":"https:\/\/cursos.ufrrj.br\/posgraduacao\/profqui\/?page_id=12694"},"modified":"2026-08-28T09:53:03","modified_gmt":"2026-08-28T12:53:03","slug":"secretaria","status":"publish","type":"page","link":"https:\/\/cursos.ufrrj.br\/posgraduacao\/profqui\/secretaria\/","title":{"rendered":"Secretaria"},"content":{"rendered":"\n<p class=\"wp-block-paragraph\"><\/p>\n\n\n\n<p class=\"wp-block-paragraph\"><\/p>\n\n\n\n<h2 class=\"wp-block-heading has-black-color has-text-color has-link-color wp-elements-1\" style=\"font-size:26px\"><strong>Orienta\u00e7\u00f5es sigaa<\/strong><\/h2>\n\n\n\n<ul class=\"wp-block-list\">\n<li><strong>Portal do Coordenador Stricto sensu<\/strong><\/li>\n\n\n\n<li><a href=\"https:\/\/cursos.ufrrj.br\/posgraduacao\/ppgq\/files\/2023\/03\/1-Orientacao-para-Cadastro-de-Processo-Seletivo-1.docx\">Orienta\u00e7\u00e3o para Cadastro de Processo Seletivo<\/a><\/li>\n\n\n\n<li><a href=\"https:\/\/cursos.ufrrj.br\/posgraduacao\/ppgq\/files\/2023\/03\/2-Orientacao-para-Cadastro-do-Calendario-Academico-Criacao-de-Turmas-das-Disciplinas-e-Matricula-de-Novos-Alunos.docx\">Orienta\u00e7\u00e3o para Cadastro do Calend\u00e1rio Acad\u00eamico, Cria\u00e7\u00e3o de Turmas das Disciplinas e Matr\u00edcula de Novos Alunos<\/a><\/li>\n\n\n\n<li><a href=\"https:\/\/cursos.ufrrj.br\/posgraduacao\/ppgq\/files\/2023\/03\/3-Orientacao-para-Cadastro-de-Banca-de-Defesa-e-Qualificacao.docx\">Orienta\u00e7\u00e3o para Cadastro de Banca de Defesa e Qualifica\u00e7\u00e3o<\/a><\/li>\n\n\n\n<li><a href=\"https:\/\/cursos.ufrrj.br\/posgraduacao\/ppgq\/files\/2023\/03\/4-Acompanhamento-dos-procedimentos-apos-defesa-de-Tese-Dissertacao.docx\">Acompanhamento dos procedimentos ap\u00f3s defesa de Tese-Disserta\u00e7\u00e3o<\/a><\/li>\n\n\n\n<li><strong>Portal do Discente<\/strong><\/li>\n\n\n\n<li><a href=\"https:\/\/cursos.ufrrj.br\/posgraduacao\/ppgq\/files\/2023\/03\/1-Portal-do-Discente-Cadastro-de-Usuario-e-Senha.docx\">Portal do Discente \u2013 Cadastro de Usu\u00e1rio e Senha<\/a><\/li>\n\n\n\n<li><a href=\"https:\/\/cursos.ufrrj.br\/posgraduacao\/ppgq\/files\/2023\/03\/2-Portal-do-Discente-Orientacao-para-solicitacao-de-Matricula-em-Disciplinas.docx\">Portal do Discente \u2013 Orienta\u00e7\u00e3o para solicita\u00e7\u00e3o de Matr\u00edcula em Disciplinas<\/a><\/li>\n\n\n\n<li><strong>Portal do Docente<\/strong><\/li>\n\n\n\n<li><a href=\"https:\/\/cursos.ufrrj.br\/posgraduacao\/ppgq\/files\/2023\/03\/Manual-do-Portal-do-Docente-Principais-Acoes-do-Orientador-Stricto-sensu.pdf\">Manual do Portal do Docente \u2013 Principais A\u00e7\u00f5es do Orientador Stricto sensu<\/a><\/li>\n\n\n\n<li><a href=\"https:\/\/cursos.ufrrj.br\/#facebook\" target=\"_blank\" rel=\"noreferrer noopener\">Facebook<\/a><a href=\"https:\/\/cursos.ufrrj.br\/#twitter\" target=\"_blank\" rel=\"noreferrer noopener\">Twitter<\/a><a href=\"https:\/\/cursos.ufrrj.br\/#email\" target=\"_blank\" rel=\"noreferrer noopener\">Email<\/a><a href=\"https:\/\/cursos.ufrrj.br\/#print\" target=\"_blank\" rel=\"noreferrer noopener\">Print<\/a><\/li>\n<\/ul>\n\n\n\n<p class=\"wp-block-paragraph\"><\/p>\n\n\n\n<p class=\"wp-block-paragraph\"><\/p>\n\n\n\n<h2 class=\"wp-block-heading has-black-color has-text-color has-link-color wp-elements-2\" style=\"font-size:26px\"> <strong>Orienta\u00e7\u00f5es sipac<\/strong><\/h2>\n\n\n\n<ul class=\"wp-block-list\">\n<li><a href=\"https:\/\/cursos.ufrrj.br\/posgraduacao\/ppgq\/files\/2023\/03\/Abertura-de-Processos-Academicos-da-Pos-Graduacao.docx\">Abertura de Processos Acad\u00eamicos da P\u00f3s-Gradua\u00e7\u00e3o<\/a><\/li>\n\n\n\n<li><a href=\"https:\/\/cursos.ufrrj.br\/posgraduacao\/ppgq\/files\/2023\/03\/Cadastro-da-Ata-de-Defesa.docx\">Cadastro da Ata de Defesa<\/a><\/li>\n\n\n\n<li><a href=\"https:\/\/cursos.ufrrj.br\/posgraduacao\/ppgq\/files\/2023\/03\/Cadastro-da-Folha-de-Aprovacao-da-Banca.docx\">Cadastro da Folha de Aprova\u00e7\u00e3o da Banca<\/a><\/li>\n\n\n\n<li><a href=\"https:\/\/cursos.ufrrj.br\/posgraduacao\/ppgq\/files\/2023\/03\/Cadastro-do-Termo-de-Autorizacao-para-Publicacao-na-Biblioteca-Digital-2.docx\">Cadastro do Termo de Autoriza\u00e7\u00e3o para Publica\u00e7\u00e3o na Biblioteca Digital<\/a><\/li>\n\n\n\n<li><a href=\"https:\/\/cursos.ufrrj.br\/posgraduacao\/ppgq\/files\/2023\/03\/Termo-de-Autorizacao-para-Publicacao-Eletronica-na-Biblioteca-Digital-da-UFRRJ-NOVO-1.docx\">Termo de Autoriza\u00e7\u00e3o para Publica\u00e7\u00e3o Eletr\u00f4nica na Biblioteca Digital da UFRRJ NOVO<\/a><\/li>\n\n\n\n<li><a href=\"https:\/\/cursos.ufrrj.br\/posgraduacao\/ppgq\/files\/2023\/03\/Cadastro-de-Assinante-Externo-no-SIPAC.docx\">Cadastro de Assinante Externo no SIPAC<\/a><\/li>\n<\/ul>\n\n\n\n<h2 class=\"wp-block-heading has-black-color has-text-color has-link-color wp-elements-3\" style=\"font-size:26px\"> <strong>Regulamentos e Normas<\/strong><\/h2>\n\n\n\n<ul class=\"wp-block-list\">\n<li><a href=\"https:\/\/cursos.ufrrj.br\/posgraduacao\/ppgq\/files\/2023\/12\/Deliberacao-631-CEPE.pdf\" target=\"_blank\" rel=\"noreferrer noopener\">Regulamento Geral dos cursos de P\u00f3s-Gradua\u00e7\u00e3o Stricto Sensu<\/a><\/li>\n\n\n\n<li><a href=\"https:\/\/cursos.ufrrj.br\/posgraduacao\/ppgq\/files\/2026\/01\/Manual-TFC-UFRRJ.pdf\" target=\"_blank\" rel=\"noreferrer noopener\">Manual de Teses e Disserta\u00e7\u00f5es (PDF, 420 KB)<\/a><\/li>\n\n\n\n<li><a href=\"https:\/\/cursos.ufrrj.br\/posgraduacao\/ppgq\/files\/2026\/01\/Template-1.docx\" target=\"_blank\" rel=\"noreferrer noopener\">Template do Manual de tese e disserta\u00e7\u00f5es<\/a><\/li>\n\n\n\n<li><a href=\"http:\/\/portal.ufrrj.br\/wp-content\/uploads\/2015\/10\/Delib027CEPE2017-COMEP.pdf\">Regimento do Comit\u00ea de \u00c9tica na Pesquisa da UFRRJ (Delibera\u00e7\u00e3o 27\/2017 do CEPE)<\/a><\/li>\n\n\n\n<li><a href=\"http:\/\/cursos.ufrrj.br\/posgraduacao\/ppgq\/files\/2018\/06\/Portaria-Normativa-n%C2%BA-01-de-14-de-novembro-de-2017-PROPPG-4.pdf\">Portaria Normativa 01\/2017 (flex\u00e3o de g\u00eanero, atribui\u00e7\u00e3o de grau)<\/a><\/li>\n\n\n\n<li><a href=\"http:\/\/cursos.ufrrj.br\/posgraduacao\/ppgq\/files\/2018\/06\/Portaria-002-de-24-11-2017-1.pdf\">Portaria Normativa 02\/2017 (prazo de entrega do material final ap\u00f3s defesa)<\/a><\/li>\n\n\n\n<li><a href=\"https:\/\/cursos.ufrrj.br\/posgraduacao\/profqui\/files\/2026\/07\/Regimento_-_PROFQUI.pdf\">Regimento Geral do PROFQUI<\/a><\/li>\n<\/ul>\n\n\n\n<h2 class=\"wp-block-heading has-black-color has-text-color has-link-color wp-elements-4\" style=\"font-size:26px\"><strong> Documentos importantes<\/strong><\/h2>\n\n\n\n<ul class=\"wp-block-list\">\n<li><strong>1) P\u00fablico Externo \u2013 Modelos de Procura\u00e7\u00e3o para retirada de Diplomas e Certificados<\/strong><\/li>\n\n\n\n<li><a href=\"https:\/\/cursos.ufrrj.br\/posgraduacao\/ppgq\/files\/2023\/03\/Modelo-de-Procuracao-simples-Retirada-de-Diploma.doc\">Modelo de procura\u00e7\u00e3o simples \u2013 Retirada de Diploma<\/a><\/li>\n\n\n\n<li><a href=\"https:\/\/cursos.ufrrj.br\/posgraduacao\/ppgq\/files\/2023\/03\/Modelo-de-Procuracao-simples-Retirada-de-Certificado.doc\">Modelo de Procura\u00e7\u00e3o simples \u2013 Retirada de Certificado<\/a><\/li>\n<\/ul>\n\n\n\n<p class=\"wp-block-paragraph\"><\/p>\n\n\n\n<ul class=\"wp-block-list\">\n<li><strong>2) Discentes p\u00f3s defesa de Mestrado e Doutorado (Documentos)<\/strong><\/li>\n\n\n\n<li><a href=\"https:\/\/cursos.ufrrj.br\/posgraduacao\/ppgq\/files\/2023\/03\/Termo-de-Autorizacao-para-Publicacao-Eletronica-na-Biblioteca-Digital-da-UFRRJ-NOVO.docx\">Termo de Autoriza\u00e7\u00e3o para Publica\u00e7\u00e3o Eletr\u00f4nica na Biblioteca Digital da UFRRJ NOVO<\/a><\/li>\n\n\n\n<li><a href=\"https:\/\/cursos.ufrrj.br\/posgraduacao\/ppgq\/files\/2023\/03\/Tutorial-para-confeccao-da-Ficha-Catalografica.pdf\">Tutorial para confec\u00e7\u00e3o da Ficha Catalogr\u00e1fica<\/a><\/li>\n\n\n\n<li><a href=\"https:\/\/cursos.ufrrj.br\/posgraduacao\/ppgq\/files\/2023\/03\/Citacao-da-CAPES-nas-Teses-e-Dissertacoes-Obrigatoria-para-TODOS-os-alunos.docx\">Cita\u00e7\u00e3o da CAPES nas Teses e Disserta\u00e7\u00f5es \u2013 Obrigat\u00f3ria para TODOS os alunos<\/a><\/li>\n\n\n\n<li><a href=\"https:\/\/cursos.ufrrj.br\/posgraduacao\/ppgq\/files\/2023\/03\/Orientacao-para-solicitar-o-Nada-Consta-da-Biblioteca-1.docx\">Orienta\u00e7\u00e3o para solicitar o Nada Consta da Biblioteca<\/a><\/li>\n<\/ul>\n\n\n\n<p class=\"wp-block-paragraph\"><\/p>\n\n\n\n<ul class=\"wp-block-list\">\n<li><strong>3) Programas de P\u00f3s-Gradua\u00e7\u00e3o Stricto sensu<\/strong><\/li>\n\n\n\n<li><a href=\"https:\/\/cursos.ufrrj.br\/posgraduacao\/ppgq\/files\/2023\/03\/1-Formulario-para-Criacao-de-Disciplinas-na-Pos-Graduacao-Anexo-II-da-Deliberacao-CEPE-no-69-2013-1.docx\">1- Formul\u00e1rio para Cria\u00e7\u00e3o de Disciplinas na P\u00f3s-Gradua\u00e7\u00e3o \u2013 Anexo II da Delibera\u00e7\u00e3o CEPE n\u00ba 69-2013<\/a><\/li>\n\n\n\n<li><a href=\"https:\/\/cursos.ufrrj.br\/posgraduacao\/ppgq\/files\/2023\/03\/2-Formulario-para-Criacao-de-Atividades-Academicas-na-Pos-Graduacao-1.docx\">2- Formul\u00e1rio para Cria\u00e7\u00e3o de Atividades Acad\u00eamicas na P\u00f3s-Gradua\u00e7\u00e3o<\/a><\/li>\n\n\n\n<li><a href=\"https:\/\/cursos.ufrrj.br\/posgraduacao\/ppgq\/files\/2023\/03\/Ficha-de-Cadastro-de-Pos-Doutorando-1.docx\">Ficha de Cadastro de P\u00f3s-Doutorando<\/a><\/li>\n\n\n\n<li><a href=\"https:\/\/cursos.ufrrj.br\/posgraduacao\/ppgq\/files\/2023\/03\/Recomendacoes-para-a-conferencia-de-Teses-e-Dissertacoes-1.docx\">Recomenda\u00e7\u00f5es para a confer\u00eancia de Teses e Disserta\u00e7\u00f5es<\/a><\/li>\n\n\n\n<li><a href=\"https:\/\/cursos.ufrrj.br\/posgraduacao\/ppgq\/files\/2023\/03\/Instrucao-Normativa-no-05-2022-Dispoe-sobre-a-entrega-dos-exemplares-impressos-na-Biblioteca-e-a-confeccao-dos-diplomas-de-1.pdf\">Instru\u00e7\u00e3o Normativa n\u00ba 05-2022 \u2013 Disp\u00f5e sobre a entrega dos exemplares impressos na Biblioteca e a confec\u00e7\u00e3o dos diplomas de p\u00f3s-gradua\u00e7\u00e3o<\/a><\/li>\n\n\n\n<li><a href=\"https:\/\/cursos.ufrrj.br\/posgraduacao\/ppgq\/files\/2023\/03\/Orientacoes-para-Elaboracao-e-Publicacao-de-Editais-de-Selecao-PPGs-UFRRJ-1.pdf\">Orienta\u00e7\u00f5es para Elabora\u00e7\u00e3o e Publica\u00e7\u00e3o de Editais de Sele\u00e7\u00e3o PPGs UFRRJ<\/a><\/li>\n\n\n\n<li><a href=\"https:\/\/cursos.ufrrj.br\/posgraduacao\/ppgq\/files\/2023\/03\/Template-para-Editais-de-Selecao-PPGs-UFRRJ-1.docx\">Template para Editais de Sele\u00e7\u00e3o PPGs UFRRJ<\/a><\/li>\n<\/ul>\n\n\n\n<p class=\"wp-block-paragraph\"><\/p>\n\n\n\n<p class=\"wp-block-paragraph\"><\/p>\n\n\n\n<p class=\"wp-block-paragraph\"><\/p>\n\n\n\n<p class=\"wp-block-paragraph\"><\/p>\n","protected":false},"excerpt":{"rendered":"<p>Orienta\u00e7\u00f5es sigaa Orienta\u00e7\u00f5es sipac Regulamentos e Normas Documentos importantes<\/p>\n","protected":false},"author":168,"featured_media":0,"parent":0,"menu_order":0,"comment_status":"closed","ping_status":"closed","template":"","meta":{"_acf_changed":false,"footnotes":"","_links_to":"","_links_to_target":""},"class_list":["post-12694","page","type-page","status-publish","hentry"],"yoast_head":"<!-- This site is optimized with the Yoast SEO plugin v28.2 - https:\/\/yoast.com\/product\/yoast-seo-wordpress\/ -->\n<title>Secretaria - Programa de Mestrado Profissional em Qu\u00edmica em Rede Nacional (PROFQUI),<\/title>\n<meta name=\"robots\" content=\"index, follow, max-snippet:-1, max-image-preview:large, max-video-preview:-1\" \/>\n<link rel=\"canonical\" href=\"https:\/\/cursos.ufrrj.br\/posgraduacao\/profqui\/secretaria\/\" \/>\n<meta property=\"og:locale\" content=\"pt_BR\" \/>\n<meta property=\"og:type\" content=\"article\" \/>\n<meta property=\"og:title\" content=\"Secretaria - Programa de Mestrado Profissional em Qu\u00edmica em Rede Nacional (PROFQUI),\" \/>\n<meta property=\"og:description\" content=\"Orienta\u00e7\u00f5es sigaa Orienta\u00e7\u00f5es sipac Regulamentos e Normas Documentos importantes\" \/>\n<meta property=\"og:url\" content=\"https:\/\/cursos.ufrrj.br\/posgraduacao\/profqui\/secretaria\/\" \/>\n<meta property=\"og:site_name\" content=\"Programa de Mestrado Profissional em Qu\u00edmica em Rede Nacional (PROFQUI),\" \/>\n<meta property=\"article:publisher\" content=\"https:\/\/www.facebook.com\/MestradoProfissionalEmGestaoeEstrategia\" \/>\n<meta property=\"article:modified_time\" content=\"2026-08-28T12:53:03+00:00\" \/>\n<meta name=\"twitter:card\" content=\"summary_large_image\" \/>\n<meta name=\"twitter:label1\" content=\"Est. tempo de leitura\" \/>\n\t<meta name=\"twitter:data1\" content=\"2 minutos\" \/>\n<script type=\"application\/ld+json\" class=\"yoast-schema-graph\">{\"@context\":\"https:\\\/\\\/schema.org\",\"@graph\":[{\"@type\":\"WebPage\",\"@id\":\"https:\\\/\\\/cursos.ufrrj.br\\\/posgraduacao\\\/profqui\\\/secretaria\\\/\",\"url\":\"https:\\\/\\\/cursos.ufrrj.br\\\/posgraduacao\\\/profqui\\\/secretaria\\\/\",\"name\":\"Secretaria - Programa de Mestrado Profissional em Qu\u00edmica em Rede Nacional (PROFQUI),\",\"isPartOf\":{\"@id\":\"https:\\\/\\\/cursos.ufrrj.br\\\/posgraduacao\\\/profqui\\\/#website\"},\"datePublished\":\"2026-08-28T11:59:32+00:00\",\"dateModified\":\"2026-08-28T12:53:03+00:00\",\"breadcrumb\":{\"@id\":\"https:\\\/\\\/cursos.ufrrj.br\\\/posgraduacao\\\/profqui\\\/secretaria\\\/#breadcrumb\"},\"inLanguage\":\"pt-BR\",\"potentialAction\":[{\"@type\":\"ReadAction\",\"target\":[\"https:\\\/\\\/cursos.ufrrj.br\\\/posgraduacao\\\/profqui\\\/secretaria\\\/\"]}]},{\"@type\":\"BreadcrumbList\",\"@id\":\"https:\\\/\\\/cursos.ufrrj.br\\\/posgraduacao\\\/profqui\\\/secretaria\\\/#breadcrumb\",\"itemListElement\":[{\"@type\":\"ListItem\",\"position\":1,\"name\":\"In\u00edcio\",\"item\":\"https:\\\/\\\/cursos.ufrrj.br\\\/posgraduacao\\\/profqui\\\/\"},{\"@type\":\"ListItem\",\"position\":2,\"name\":\"Secretaria\"}]},{\"@type\":\"WebSite\",\"@id\":\"https:\\\/\\\/cursos.ufrrj.br\\\/posgraduacao\\\/profqui\\\/#website\",\"url\":\"https:\\\/\\\/cursos.ufrrj.br\\\/posgraduacao\\\/profqui\\\/\",\"name\":\"Programa de Mestrado Profissional em Qu\u00edmica em Rede Nacional (PROFQUI),\",\"description\":\"Universidade Federal Rural do Rio de Janeiro \u2013 UFRRJ\",\"potentialAction\":[{\"@type\":\"SearchAction\",\"target\":{\"@type\":\"EntryPoint\",\"urlTemplate\":\"https:\\\/\\\/cursos.ufrrj.br\\\/posgraduacao\\\/profqui\\\/?s={search_term_string}\"},\"query-input\":{\"@type\":\"PropertyValueSpecification\",\"valueRequired\":true,\"valueName\":\"search_term_string\"}}],\"inLanguage\":\"pt-BR\"}]}<\/script>\n<!-- \/ Yoast SEO plugin. -->","yoast_head_json":{"title":"Secretaria - Programa de Mestrado Profissional em Qu\u00edmica em Rede Nacional (PROFQUI),","robots":{"index":"index","follow":"follow","max-snippet":"max-snippet:-1","max-image-preview":"max-image-preview:large","max-video-preview":"max-video-preview:-1"},"canonical":"https:\/\/cursos.ufrrj.br\/posgraduacao\/profqui\/secretaria\/","og_locale":"pt_BR","og_type":"article","og_title":"Secretaria - Programa de Mestrado Profissional em Qu\u00edmica em Rede Nacional (PROFQUI),","og_description":"Orienta\u00e7\u00f5es sigaa Orienta\u00e7\u00f5es sipac Regulamentos e Normas Documentos importantes","og_url":"https:\/\/cursos.ufrrj.br\/posgraduacao\/profqui\/secretaria\/","og_site_name":"Programa de Mestrado Profissional em Qu\u00edmica em Rede Nacional (PROFQUI),","article_publisher":"https:\/\/www.facebook.com\/MestradoProfissionalEmGestaoeEstrategia","article_modified_time":"2026-08-28T12:53:03+00:00","twitter_card":"summary_large_image","twitter_misc":{"Est. tempo de leitura":"2 minutos"},"schema":{"@context":"https:\/\/schema.org","@graph":[{"@type":"WebPage","@id":"https:\/\/cursos.ufrrj.br\/posgraduacao\/profqui\/secretaria\/","url":"https:\/\/cursos.ufrrj.br\/posgraduacao\/profqui\/secretaria\/","name":"Secretaria - Programa de Mestrado Profissional em Qu\u00edmica em Rede Nacional (PROFQUI),","isPartOf":{"@id":"https:\/\/cursos.ufrrj.br\/posgraduacao\/profqui\/#website"},"datePublished":"2026-08-28T11:59:32+00:00","dateModified":"2026-08-28T12:53:03+00:00","breadcrumb":{"@id":"https:\/\/cursos.ufrrj.br\/posgraduacao\/profqui\/secretaria\/#breadcrumb"},"inLanguage":"pt-BR","potentialAction":[{"@type":"ReadAction","target":["https:\/\/cursos.ufrrj.br\/posgraduacao\/profqui\/secretaria\/"]}]},{"@type":"BreadcrumbList","@id":"https:\/\/cursos.ufrrj.br\/posgraduacao\/profqui\/secretaria\/#breadcrumb","itemListElement":[{"@type":"ListItem","position":1,"name":"In\u00edcio","item":"https:\/\/cursos.ufrrj.br\/posgraduacao\/profqui\/"},{"@type":"ListItem","position":2,"name":"Secretaria"}]},{"@type":"WebSite","@id":"https:\/\/cursos.ufrrj.br\/posgraduacao\/profqui\/#website","url":"https:\/\/cursos.ufrrj.br\/posgraduacao\/profqui\/","name":"Programa de Mestrado Profissional em Qu\u00edmica em Rede Nacional (PROFQUI),","description":"Universidade Federal Rural do Rio de Janeiro \u2013 UFRRJ","potentialAction":[{"@type":"SearchAction","target":{"@type":"EntryPoint","urlTemplate":"https:\/\/cursos.ufrrj.br\/posgraduacao\/profqui\/?s={search_term_string}"},"query-input":{"@type":"PropertyValueSpecification","valueRequired":true,"valueName":"search_term_string"}}],"inLanguage":"pt-BR"}]}},"acf":[],"_links":{"self":[{"href":"https:\/\/cursos.ufrrj.br\/posgraduacao\/profqui\/wp-json\/wp\/v2\/pages\/12694","targetHints":{"allow":["GET"]}}],"collection":[{"href":"https:\/\/cursos.ufrrj.br\/posgraduacao\/profqui\/wp-json\/wp\/v2\/pages"}],"about":[{"href":"https:\/\/cursos.ufrrj.br\/posgraduacao\/profqui\/wp-json\/wp\/v2\/types\/page"}],"author":[{"embeddable":true,"href":"https:\/\/cursos.ufrrj.br\/posgraduacao\/profqui\/wp-json\/wp\/v2\/users\/168"}],"replies":[{"embeddable":true,"href":"https:\/\/cursos.ufrrj.br\/posgraduacao\/profqui\/wp-json\/wp\/v2\/comments?post=12694"}],"version-history":[{"count":14,"href":"https:\/\/cursos.ufrrj.br\/posgraduacao\/profqui\/wp-json\/wp\/v2\/pages\/12694\/revisions"}],"predecessor-version":[{"id":12729,"href":"https:\/\/cursos.ufrrj.br\/posgraduacao\/profqui\/wp-json\/wp\/v2\/pages\/12694\/revisions\/12729"}],"wp:attachment":[{"href":"https:\/\/cursos.ufrrj.br\/posgraduacao\/profqui\/wp-json\/wp\/v2\/media?parent=12694"}],"curies":[{"name":"wp","href":"https:\/\/api.w.org\/{rel}","templated":true}]}}