{"id":11982,"date":"2026-07-15T07:14:07","date_gmt":"2026-07-15T10:14:07","guid":{"rendered":"https:\/\/cursos.ufrrj.br\/posgraduacao\/profqui\/?page_id=11982"},"modified":"2026-08-27T11:04:09","modified_gmt":"2026-08-27T14:04:09","slug":"dissertacoes-e-teses","status":"publish","type":"page","link":"https:\/\/cursos.ufrrj.br\/posgraduacao\/profqui\/dissertacoes-e-teses\/","title":{"rendered":"Disserta\u00e7\u00f5es"},"content":{"rendered":"\n<div class=\"wp-block-columns is-layout-flex wp-container-core-columns-is-layout-8f761849 wp-block-columns-is-layout-flex\">\n<div class=\"wp-block-column is-layout-flow wp-block-column-is-layout-flow\">\n<p class=\"has-black-color has-text-color has-link-color has-medium-font-size wp-elements-1 wp-block-paragraph\"><strong>Ano de defesa 2019<\/strong><\/p>\n\n\n\n<ul class=\"wp-block-list\">\n<li><a href=\"https:\/\/cursos.ufrrj.br\/posgraduacao\/profqui\/12346-2\/\" target=\"_blank\" rel=\"noreferrer noopener\"><strong><mark style=\"background-color:#ffffff\" class=\"has-inline-color\">Carlos Henrique Machado<\/mark><\/strong><\/a><\/li>\n\n\n\n<li><a href=\"https:\/\/cursos.ufrrj.br\/posgraduacao\/profqui\/12361-2\/\" target=\"_blank\" rel=\"noreferrer noopener\"><strong><mark style=\"background-color:#ffffff\" class=\"has-inline-color has-black-color\">Clayton Freitas Gomide<\/mark><\/strong><\/a><\/li>\n\n\n\n<li class=\"has-black-color has-text-color has-link-color wp-elements-2\"><strong><mark style=\"background-color:#ffffff\" class=\"has-inline-color has-black-color\"><a href=\"https:\/\/cursos.ufrrj.br\/posgraduacao\/profqui\/marcus-vinicius-hungaro-faria\/\">Marcus Vinicius Hungaro<\/a><\/mark><\/strong><\/li>\n\n\n\n<li><a href=\"https:\/\/cursos.ufrrj.br\/posgraduacao\/profqui\/ramon-batista-inocencio\/\" target=\"_blank\" rel=\"noreferrer noopener\"><mark style=\"background-color:rgba(0, 0, 0, 0)\" class=\"has-inline-color has-black-color\"><strong>Ramon Batista Inoc\u00eancio<\/strong><\/mark><\/a><\/li>\n\n\n\n<li class=\"has-black-color has-text-color has-link-color wp-elements-3\"><a href=\"https:\/\/cursos.ufrrj.br\/posgraduacao\/profqui\/?p=12429&amp;preview=true\" target=\"_blank\" rel=\"noreferrer noopener\"><strong><mark style=\"background-color:rgba(0, 0, 0, 0)\" class=\"has-inline-color has-black-color\">Valeria Aparecida Leit\u00e3o Ribeiro<\/mark><\/strong><\/a><\/li>\n<\/ul>\n<\/div>\n\n\n\n<div class=\"wp-block-column is-layout-flow wp-block-column-is-layout-flow\">\n<p class=\"has-black-color has-text-color has-link-color has-medium-font-size wp-elements-4 wp-block-paragraph\"><strong>Ano de defesa 2020<\/strong><\/p>\n\n\n\n<ul class=\"wp-block-list\">\n<li class=\"has-black-color has-text-color has-link-color wp-elements-5\"><a href=\"https:\/\/cursos.ufrrj.br\/posgraduacao\/profqui\/12376-2\/\" target=\"_blank\" rel=\"noreferrer noopener\"><strong><mark style=\"background-color:rgba(0, 0, 0, 0)\" class=\"has-inline-color has-black-color\">Marcelo Beni Vieira Bria<\/mark><\/strong><\/a><\/li>\n\n\n\n<li><a href=\"https:\/\/cursos.ufrrj.br\/posgraduacao\/profqui\/sergio-henrique-dos-santos-mendes\/\"><strong><mark style=\"background-color:rgba(0, 0, 0, 0)\" class=\"has-inline-color has-black-color\">Sergio Henrique dos Santos Mendes<\/mark><\/strong><\/a><\/li>\n\n\n\n<li class=\"has-black-color has-text-color has-link-color wp-elements-6\"><a href=\"https:\/\/cursos.ufrrj.br\/posgraduacao\/profqui\/jaqueline-da-rocha\/\" target=\"_blank\" rel=\"noreferrer noopener\"><strong>Jaqueline da Rocha<\/strong><\/a><\/li>\n<\/ul>\n<\/div>\n\n\n\n<div class=\"wp-block-column is-layout-flow wp-block-column-is-layout-flow\">\n<p class=\"has-black-color has-text-color has-link-color has-medium-font-size wp-elements-7 wp-block-paragraph\"><strong>Ano de defesa 2021<\/strong><\/p>\n\n\n\n<ul class=\"wp-block-list\">\n<li class=\"has-black-color has-text-color has-link-color wp-elements-8\"><a href=\"https:\/\/cursos.ufrrj.br\/posgraduacao\/profqui\/carla-cristina-de-souza-marinho\/\" target=\"_blank\" rel=\"noreferrer noopener\"><strong>Carla Cristina de Souza Marinho<\/strong><\/a><\/li>\n\n\n\n<li class=\"has-black-color has-text-color has-link-color wp-elements-9\"><a href=\"https:\/\/cursos.ufrrj.br\/posgraduacao\/profqui\/laurine-cristina-paulo-da-silva\/\" target=\"_blank\" rel=\"noreferrer noopener\"><strong>Laurine Cristina Paulo da Silva<\/strong><\/a><\/li>\n\n\n\n<li class=\"has-black-color has-text-color has-link-color wp-elements-10\"><a href=\"https:\/\/cursos.ufrrj.br\/posgraduacao\/profqui\/luis-felipe-lage-da-rocha\/\" target=\"_blank\" rel=\"noreferrer noopener\"><strong>Luis Felipe Lage da Rocha<\/strong><\/a><\/li>\n<\/ul>\n<\/div>\n<\/div>\n\n\n\n<div class=\"wp-block-columns is-layout-flex wp-container-core-columns-is-layout-8f761849 wp-block-columns-is-layout-flex\">\n<div class=\"wp-block-column is-layout-flow wp-block-column-is-layout-flow\">\n<p class=\"has-black-color has-text-color has-link-color has-medium-font-size wp-elements-11 wp-block-paragraph\"><strong>Ano de defesa 2022<\/strong><\/p>\n\n\n\n<ul class=\"wp-block-list\">\n<li class=\"has-black-color has-text-color has-link-color wp-elements-12\"><a href=\"https:\/\/cursos.ufrrj.br\/posgraduacao\/profqui\/aline-soares-fonseca-de-azevedo\/\" target=\"_blank\" rel=\"noreferrer noopener\"><strong>Aline Soares Fonseca de Azevedo<\/strong><\/a><\/li>\n\n\n\n<li class=\"has-black-color has-text-color has-link-color wp-elements-13\"><a href=\"https:\/\/cursos.ufrrj.br\/posgraduacao\/profqui\/aloisio-diogo-martins-cardoso\/\" target=\"_blank\" rel=\"noreferrer noopener\"><strong><mark style=\"background-color:#ffffff\" class=\"has-inline-color has-black-color\">Aloisio Diogo Martins Coelho<\/mark><\/strong><\/a><\/li>\n\n\n\n<li class=\"has-black-color has-text-color has-link-color wp-elements-14\"><a href=\"https:\/\/cursos.ufrrj.br\/posgraduacao\/profqui\/diogenes-chaves-lopes\/\"><strong>Di\u00f3genes Chaves Lopes<\/strong><\/a><\/li>\n\n\n\n<li class=\"has-black-color has-text-color has-link-color wp-elements-15\"><a href=\"https:\/\/cursos.ufrrj.br\/posgraduacao\/profqui\/felipe-da-costa-sepulvida\/\" target=\"_blank\" rel=\"noreferrer noopener\"><strong>Felipe da Costa Sepulvida<\/strong><\/a><\/li>\n\n\n\n<li class=\"has-black-color has-text-color has-link-color wp-elements-16\"><a href=\"https:\/\/cursos.ufrrj.br\/posgraduacao\/profqui\/jessica-alves-de-medeiros-areas\/\" target=\"_blank\" rel=\"noreferrer noopener\"><strong>Jessica Alves de Medeiros Ar\u00eaas<\/strong><\/a><\/li>\n\n\n\n<li class=\"has-black-color has-text-color has-link-color wp-elements-17\"><a href=\"https:\/\/cursos.ufrrj.br\/posgraduacao\/profqui\/luiza-dos-santos-oliveira\/\" target=\"_blank\" rel=\"noreferrer noopener\"><strong>Luiza dos Santos Oliveira<\/strong><\/a><\/li>\n<\/ul>\n<\/div>\n\n\n\n<div class=\"wp-block-column is-layout-flow wp-block-column-is-layout-flow\">\n<p class=\"has-black-color has-text-color has-link-color has-medium-font-size wp-elements-18 wp-block-paragraph\"><strong>Ano de defesa 2023<\/strong><\/p>\n\n\n\n<ul class=\"wp-block-list\">\n<li class=\"has-black-color has-text-color has-link-color wp-elements-19\"><a href=\"https:\/\/cursos.ufrrj.br\/posgraduacao\/profqui\/aguinaldo-pereira-dos-santos\/\" target=\"_blank\" rel=\"noreferrer noopener\"><strong>Aguinaldo Pereira dos Santos<\/strong><\/a><\/li>\n\n\n\n<li class=\"has-black-color has-text-color has-link-color wp-elements-20\"><a href=\"https:\/\/cursos.ufrrj.br\/posgraduacao\/profqui\/carla-gomes-dos-santos-portugal\/\" target=\"_blank\" rel=\"noreferrer noopener\"><strong>Carla Gomes dos Santos Portugal<\/strong><\/a><\/li>\n\n\n\n<li class=\"has-black-color has-text-color has-link-color wp-elements-21\"><a href=\"https:\/\/cursos.ufrrj.br\/posgraduacao\/profqui\/ernesto-souza-lira\/\" target=\"_blank\" rel=\"noreferrer noopener\"><strong>Ernesto Sousa Lira<\/strong><\/a><\/li>\n\n\n\n<li class=\"has-black-color has-text-color has-link-color wp-elements-22\"><a href=\"https:\/\/cursos.ufrrj.br\/posgraduacao\/profqui\/larissa-lima-de-araujo\/\" target=\"_blank\" rel=\"noreferrer noopener\"><strong>Larissa Lima de Araujo<\/strong><\/a><\/li>\n\n\n\n<li class=\"has-black-color has-text-color has-link-color wp-elements-23\"><strong><a href=\"https:\/\/cursos.ufrrj.br\/posgraduacao\/profqui\/luciane-santos-machado\/\" target=\"_blank\" rel=\"noreferrer noopener\">Luciane Santos Machado<\/a><\/strong><\/li>\n\n\n\n<li class=\"has-black-color has-text-color has-link-color wp-elements-24\"><a href=\"https:\/\/cursos.ufrrj.br\/posgraduacao\/profqui\/milton-lemos-de-moraes\/\" target=\"_blank\" rel=\"noreferrer noopener\"><strong>Milton Lemos de Moraes<\/strong><\/a><\/li>\n\n\n\n<li class=\"has-black-color has-text-color has-link-color wp-elements-25\"><a href=\"https:\/\/cursos.ufrrj.br\/posgraduacao\/profqui\/wellis-rodrigo-da-silva-costa\/\" target=\"_blank\" rel=\"noreferrer noopener\"><strong>Wellis Rodrigo da Silva Costa<\/strong><\/a><\/li>\n<\/ul>\n<\/div>\n\n\n\n<div class=\"wp-block-column is-layout-flow wp-block-column-is-layout-flow\">\n<p class=\"has-black-color has-text-color has-link-color has-medium-font-size wp-elements-26 wp-block-paragraph\"><strong>Ano de defesa 2025<\/strong><\/p>\n\n\n\n<ul class=\"wp-block-list\">\n<li class=\"has-black-color has-text-color has-link-color wp-elements-27\"><a href=\"https:\/\/cursos.ufrrj.br\/posgraduacao\/profqui\/alexandro-pereira-da-silva\/\"><strong>Alexandro Pereira da Silva<\/strong><\/a><\/li>\n\n\n\n<li class=\"has-black-color has-text-color has-link-color wp-elements-28\"><a href=\"https:\/\/cursos.ufrrj.br\/posgraduacao\/profqui\/lizandra-cristina-do-amaral-silva-e-souza-santos\/\" target=\"_blank\" rel=\"noreferrer noopener\"><strong>Lizandra Cristina do Amaral Silva e Souza Santos<\/strong><\/a><\/li>\n\n\n\n<li class=\"has-black-color has-text-color has-link-color wp-elements-29\"><a href=\"https:\/\/cursos.ufrrj.br\/posgraduacao\/profqui\/?p=12681&amp;preview=true\" target=\"_blank\" rel=\"noreferrer noopener\"><strong>Quezia Alves da Silva<\/strong><\/a><\/li>\n<\/ul>\n<\/div>\n<\/div>\n\n\n\n<p class=\"wp-block-paragraph\"><\/p>\n","protected":false},"excerpt":{"rendered":"<p>Ano de defesa 2019 Ano de defesa 2020 Ano de defesa 2021 Ano de defesa 2022 Ano de defesa 2023 Ano de [&hellip;]<\/p>\n","protected":false},"author":1,"featured_media":0,"parent":0,"menu_order":0,"comment_status":"closed","ping_status":"closed","template":"","meta":{"_acf_changed":false,"footnotes":"","_links_to":"","_links_to_target":""},"class_list":["post-11982","page","type-page","status-publish","hentry"],"yoast_head":"<!-- This site is optimized with the Yoast SEO plugin v28.2 - https:\/\/yoast.com\/product\/yoast-seo-wordpress\/ -->\n<title>Disserta\u00e7\u00f5es - Programa de Mestrado Profissional em Qu\u00edmica em Rede Nacional (PROFQUI),<\/title>\n<meta name=\"robots\" content=\"index, follow, max-snippet:-1, max-image-preview:large, max-video-preview:-1\" \/>\n<link rel=\"canonical\" href=\"https:\/\/cursos.ufrrj.br\/posgraduacao\/profqui\/dissertacoes-e-teses\/\" \/>\n<meta property=\"og:locale\" content=\"pt_BR\" \/>\n<meta property=\"og:type\" content=\"article\" \/>\n<meta property=\"og:title\" content=\"Disserta\u00e7\u00f5es - Programa de Mestrado Profissional em Qu\u00edmica em Rede Nacional (PROFQUI),\" \/>\n<meta property=\"og:description\" content=\"Ano de defesa 2019 Ano de defesa 2020 Ano de defesa 2021 Ano de defesa 2022 Ano de defesa 2023 Ano de [&hellip;]\" \/>\n<meta property=\"og:url\" content=\"https:\/\/cursos.ufrrj.br\/posgraduacao\/profqui\/dissertacoes-e-teses\/\" \/>\n<meta property=\"og:site_name\" content=\"Programa de Mestrado Profissional em Qu\u00edmica em Rede Nacional (PROFQUI),\" \/>\n<meta property=\"article:publisher\" content=\"https:\/\/www.facebook.com\/MestradoProfissionalEmGestaoeEstrategia\" \/>\n<meta property=\"article:modified_time\" content=\"2026-08-27T14:04:09+00:00\" \/>\n<meta name=\"twitter:card\" content=\"summary_large_image\" \/>\n<meta name=\"twitter:label1\" content=\"Est. tempo de leitura\" \/>\n\t<meta name=\"twitter:data1\" content=\"1 minuto\" \/>\n<script type=\"application\/ld+json\" class=\"yoast-schema-graph\">{\"@context\":\"https:\\\/\\\/schema.org\",\"@graph\":[{\"@type\":\"WebPage\",\"@id\":\"https:\\\/\\\/cursos.ufrrj.br\\\/posgraduacao\\\/profqui\\\/dissertacoes-e-teses\\\/\",\"url\":\"https:\\\/\\\/cursos.ufrrj.br\\\/posgraduacao\\\/profqui\\\/dissertacoes-e-teses\\\/\",\"name\":\"Disserta\u00e7\u00f5es - Programa de Mestrado Profissional em Qu\u00edmica em Rede Nacional (PROFQUI),\",\"isPartOf\":{\"@id\":\"https:\\\/\\\/cursos.ufrrj.br\\\/posgraduacao\\\/profqui\\\/#website\"},\"datePublished\":\"2026-07-15T10:14:07+00:00\",\"dateModified\":\"2026-08-27T14:04:09+00:00\",\"breadcrumb\":{\"@id\":\"https:\\\/\\\/cursos.ufrrj.br\\\/posgraduacao\\\/profqui\\\/dissertacoes-e-teses\\\/#breadcrumb\"},\"inLanguage\":\"pt-BR\",\"potentialAction\":[{\"@type\":\"ReadAction\",\"target\":[\"https:\\\/\\\/cursos.ufrrj.br\\\/posgraduacao\\\/profqui\\\/dissertacoes-e-teses\\\/\"]}]},{\"@type\":\"BreadcrumbList\",\"@id\":\"https:\\\/\\\/cursos.ufrrj.br\\\/posgraduacao\\\/profqui\\\/dissertacoes-e-teses\\\/#breadcrumb\",\"itemListElement\":[{\"@type\":\"ListItem\",\"position\":1,\"name\":\"In\u00edcio\",\"item\":\"https:\\\/\\\/cursos.ufrrj.br\\\/posgraduacao\\\/profqui\\\/\"},{\"@type\":\"ListItem\",\"position\":2,\"name\":\"Disserta\u00e7\u00f5es\"}]},{\"@type\":\"WebSite\",\"@id\":\"https:\\\/\\\/cursos.ufrrj.br\\\/posgraduacao\\\/profqui\\\/#website\",\"url\":\"https:\\\/\\\/cursos.ufrrj.br\\\/posgraduacao\\\/profqui\\\/\",\"name\":\"Programa de Mestrado Profissional em Qu\u00edmica em Rede Nacional (PROFQUI),\",\"description\":\"Universidade Federal Rural do Rio de Janeiro \u2013 UFRRJ\",\"potentialAction\":[{\"@type\":\"SearchAction\",\"target\":{\"@type\":\"EntryPoint\",\"urlTemplate\":\"https:\\\/\\\/cursos.ufrrj.br\\\/posgraduacao\\\/profqui\\\/?s={search_term_string}\"},\"query-input\":{\"@type\":\"PropertyValueSpecification\",\"valueRequired\":true,\"valueName\":\"search_term_string\"}}],\"inLanguage\":\"pt-BR\"}]}<\/script>\n<!-- \/ Yoast SEO plugin. -->","yoast_head_json":{"title":"Disserta\u00e7\u00f5es - Programa de Mestrado Profissional em Qu\u00edmica em Rede Nacional (PROFQUI),","robots":{"index":"index","follow":"follow","max-snippet":"max-snippet:-1","max-image-preview":"max-image-preview:large","max-video-preview":"max-video-preview:-1"},"canonical":"https:\/\/cursos.ufrrj.br\/posgraduacao\/profqui\/dissertacoes-e-teses\/","og_locale":"pt_BR","og_type":"article","og_title":"Disserta\u00e7\u00f5es - Programa de Mestrado Profissional em Qu\u00edmica em Rede Nacional (PROFQUI),","og_description":"Ano de defesa 2019 Ano de defesa 2020 Ano de defesa 2021 Ano de defesa 2022 Ano de defesa 2023 Ano de [&hellip;]","og_url":"https:\/\/cursos.ufrrj.br\/posgraduacao\/profqui\/dissertacoes-e-teses\/","og_site_name":"Programa de Mestrado Profissional em Qu\u00edmica em Rede Nacional (PROFQUI),","article_publisher":"https:\/\/www.facebook.com\/MestradoProfissionalEmGestaoeEstrategia","article_modified_time":"2026-08-27T14:04:09+00:00","twitter_card":"summary_large_image","twitter_misc":{"Est. tempo de leitura":"1 minuto"},"schema":{"@context":"https:\/\/schema.org","@graph":[{"@type":"WebPage","@id":"https:\/\/cursos.ufrrj.br\/posgraduacao\/profqui\/dissertacoes-e-teses\/","url":"https:\/\/cursos.ufrrj.br\/posgraduacao\/profqui\/dissertacoes-e-teses\/","name":"Disserta\u00e7\u00f5es - Programa de Mestrado Profissional em Qu\u00edmica em Rede Nacional (PROFQUI),","isPartOf":{"@id":"https:\/\/cursos.ufrrj.br\/posgraduacao\/profqui\/#website"},"datePublished":"2026-07-15T10:14:07+00:00","dateModified":"2026-08-27T14:04:09+00:00","breadcrumb":{"@id":"https:\/\/cursos.ufrrj.br\/posgraduacao\/profqui\/dissertacoes-e-teses\/#breadcrumb"},"inLanguage":"pt-BR","potentialAction":[{"@type":"ReadAction","target":["https:\/\/cursos.ufrrj.br\/posgraduacao\/profqui\/dissertacoes-e-teses\/"]}]},{"@type":"BreadcrumbList","@id":"https:\/\/cursos.ufrrj.br\/posgraduacao\/profqui\/dissertacoes-e-teses\/#breadcrumb","itemListElement":[{"@type":"ListItem","position":1,"name":"In\u00edcio","item":"https:\/\/cursos.ufrrj.br\/posgraduacao\/profqui\/"},{"@type":"ListItem","position":2,"name":"Disserta\u00e7\u00f5es"}]},{"@type":"WebSite","@id":"https:\/\/cursos.ufrrj.br\/posgraduacao\/profqui\/#website","url":"https:\/\/cursos.ufrrj.br\/posgraduacao\/profqui\/","name":"Programa de Mestrado Profissional em Qu\u00edmica em Rede Nacional (PROFQUI),","description":"Universidade Federal Rural do Rio de Janeiro \u2013 UFRRJ","potentialAction":[{"@type":"SearchAction","target":{"@type":"EntryPoint","urlTemplate":"https:\/\/cursos.ufrrj.br\/posgraduacao\/profqui\/?s={search_term_string}"},"query-input":{"@type":"PropertyValueSpecification","valueRequired":true,"valueName":"search_term_string"}}],"inLanguage":"pt-BR"}]}},"acf":[],"_links":{"self":[{"href":"https:\/\/cursos.ufrrj.br\/posgraduacao\/profqui\/wp-json\/wp\/v2\/pages\/11982","targetHints":{"allow":["GET"]}}],"collection":[{"href":"https:\/\/cursos.ufrrj.br\/posgraduacao\/profqui\/wp-json\/wp\/v2\/pages"}],"about":[{"href":"https:\/\/cursos.ufrrj.br\/posgraduacao\/profqui\/wp-json\/wp\/v2\/types\/page"}],"author":[{"embeddable":true,"href":"https:\/\/cursos.ufrrj.br\/posgraduacao\/profqui\/wp-json\/wp\/v2\/users\/1"}],"replies":[{"embeddable":true,"href":"https:\/\/cursos.ufrrj.br\/posgraduacao\/profqui\/wp-json\/wp\/v2\/comments?post=11982"}],"version-history":[{"count":43,"href":"https:\/\/cursos.ufrrj.br\/posgraduacao\/profqui\/wp-json\/wp\/v2\/pages\/11982\/revisions"}],"predecessor-version":[{"id":12685,"href":"https:\/\/cursos.ufrrj.br\/posgraduacao\/profqui\/wp-json\/wp\/v2\/pages\/11982\/revisions\/12685"}],"wp:attachment":[{"href":"https:\/\/cursos.ufrrj.br\/posgraduacao\/profqui\/wp-json\/wp\/v2\/media?parent=11982"}],"curies":[{"name":"wp","href":"https:\/\/api.w.org\/{rel}","templated":true}]}}