{"id":11970,"date":"2026-07-15T07:10:42","date_gmt":"2026-07-15T10:10:42","guid":{"rendered":"https:\/\/cursos.ufrrj.br\/posgraduacao\/profqui\/?page_id=11970"},"modified":"2026-08-19T10:47:30","modified_gmt":"2026-08-19T13:47:30","slug":"grade-curricular","status":"publish","type":"page","link":"https:\/\/cursos.ufrrj.br\/posgraduacao\/profqui\/grade-curricular\/","title":{"rendered":"Grade Curricular"},"content":{"rendered":"\n<p class=\"wp-block-paragraph\">Nenhum conte\u00fa<\/p>\n\n\n\n<figure class=\"wp-block-table is-style-stripes has-small-font-size\"><table class=\"has-background has-fixed-layout\" style=\"background-color:#8dd0fcb0\"><tbody><tr><td>PROFQUI001<\/td><td>ABORDAGENS TECNOL\u00d3GICAS ATUALIZADAS PARA O ENSINO (ATE)<\/td><td>60h<\/td><td>Obrigat\u00f3ria<\/td><\/tr><tr><td>PROFQUI002<\/td><td>QU\u00cdMICA 2: PILARES DA QU\u00cdMICA<\/td><td>60h<\/td><td>Obrigat\u00f3ria<\/td><\/tr><tr><td>PROFQUI003<\/td><td>QU\u00cdMICA 1: ORIGEM DOS ELEMENTOS E MOL\u00c9CULAS<\/td><td>60h<\/td><td>Obrigat\u00f3ria<\/td><\/tr><tr><td>PROFQUI004<\/td><td>FUNDAMENTOS METODOL\u00d3GICOS PARA A PESQUISA EM ENSINO DE QU\u00cdMICA<\/td><td>60h<\/td><td>Obrigat\u00f3ria<\/td><\/tr><tr><td>PROFQUI005<\/td><td>QU\u00cdMICA 3: QU\u00cdMICA DA VIDA, AMBIENTE E MATERIAIS<\/td><td>60h<\/td><td>Obrigat\u00f3ria<\/td><\/tr><tr><td>PROFQUI006<\/td><td>SEMIN\u00c1RIOS WEB-1<\/td><td>15h<\/td><td>Obrigat\u00f3ria<\/td><\/tr><tr><td>PROFQUI007<\/td><td>SEMIN\u00c1RIOS WEB-2<\/td><td>15h<\/td><td>Obrigat\u00f3ria<\/td><\/tr><tr><td>PROFQUI008<\/td><td>SEMIN\u00c1RIOS WEB-3<\/td><td>15h<\/td><td>Obrigat\u00f3ria<\/td><\/tr><tr><td>PROFQUI009<\/td><td>SEMIN\u00c1RIOS WEB-4<\/td><td>15h<\/td><td>Obrigat\u00f3ria<\/td><\/tr><tr><td>PROFQUI010<\/td><td>PESQUISA DE DISSERTA\u00c7\u00c3O DE MESTRADO<\/td><td>360h<\/td><td>Obrigat\u00f3ria<\/td><\/tr><tr><td>PROFQUI011<\/td><td>EXAME DE PROFICI\u00caNCIA EM INGL\u00caS<\/td><td>0<\/td><td>Obrigat\u00f3ria<\/td><\/tr><tr><td>PROFQUI012 &#8211;<\/td><td>EXAME DE PROFICI\u00caNCIA EM ESPANHOL<\/td><td>0<\/td><td>Obrigat\u00f3ria<\/td><\/tr><tr><td>PROFQUI013<\/td><td>EXAME DE PROFICI\u00caNCIA EM FRANC\u00caS<\/td><td>0<\/td><td>Obrigat\u00f3ria<\/td><\/tr><tr><td>PROFQUI014<\/td><td>EXAME DE QUALIFICA\u00c7\u00c3O<\/td><td>0<\/td><td>Obrigat\u00f3ria<\/td><\/tr><tr><td>PROFQUI015<\/td><td>DEFESA DE DISSERTA\u00c7\u00c3O<\/td><td>0<\/td><td>Obrigat\u00f3ria<\/td><\/tr><\/tbody><\/table><\/figure>\n\n\n\n<p class=\"has-white-background-color has-background wp-block-paragraph\" style=\"font-size:15px\"><\/p>\n","protected":false},"excerpt":{"rendered":"<p>Nenhum conte\u00fa PROFQUI001 ABORDAGENS TECNOL\u00d3GICAS ATUALIZADAS PARA O ENSINO (ATE) 60h Obrigat\u00f3ria PROFQUI002 QU\u00cdMICA 2: PILARES DA QU\u00cdMICA 60h Obrigat\u00f3ria PROFQUI003 QU\u00cdMICA [&hellip;]<\/p>\n","protected":false},"author":1,"featured_media":0,"parent":0,"menu_order":0,"comment_status":"closed","ping_status":"closed","template":"","meta":{"_acf_changed":false,"footnotes":"","_links_to":"","_links_to_target":""},"class_list":["post-11970","page","type-page","status-publish","hentry"],"yoast_head":"<!-- This site is optimized with the Yoast SEO plugin v28.2 - https:\/\/yoast.com\/product\/yoast-seo-wordpress\/ -->\n<title>Grade Curricular - Programa de Mestrado Profissional em Qu\u00edmica em Rede Nacional (PROFQUI),<\/title>\n<meta name=\"robots\" content=\"index, follow, max-snippet:-1, max-image-preview:large, max-video-preview:-1\" \/>\n<link rel=\"canonical\" href=\"https:\/\/cursos.ufrrj.br\/posgraduacao\/profqui\/grade-curricular\/\" \/>\n<meta property=\"og:locale\" content=\"pt_BR\" \/>\n<meta property=\"og:type\" content=\"article\" \/>\n<meta property=\"og:title\" content=\"Grade Curricular - Programa de Mestrado Profissional em Qu\u00edmica em Rede Nacional (PROFQUI),\" \/>\n<meta property=\"og:description\" content=\"Nenhum conte\u00fa PROFQUI001 ABORDAGENS TECNOL\u00d3GICAS ATUALIZADAS PARA O ENSINO (ATE) 60h Obrigat\u00f3ria PROFQUI002 QU\u00cdMICA 2: PILARES DA QU\u00cdMICA 60h Obrigat\u00f3ria PROFQUI003 QU\u00cdMICA [&hellip;]\" \/>\n<meta property=\"og:url\" content=\"https:\/\/cursos.ufrrj.br\/posgraduacao\/profqui\/grade-curricular\/\" \/>\n<meta property=\"og:site_name\" content=\"Programa de Mestrado Profissional em Qu\u00edmica em Rede Nacional (PROFQUI),\" \/>\n<meta property=\"article:publisher\" content=\"https:\/\/www.facebook.com\/MestradoProfissionalEmGestaoeEstrategia\" \/>\n<meta property=\"article:modified_time\" content=\"2026-08-19T13:47:30+00:00\" \/>\n<meta name=\"twitter:card\" content=\"summary_large_image\" \/>\n<meta name=\"twitter:label1\" content=\"Est. tempo de leitura\" \/>\n\t<meta name=\"twitter:data1\" content=\"1 minuto\" \/>\n<script type=\"application\/ld+json\" class=\"yoast-schema-graph\">{\"@context\":\"https:\\\/\\\/schema.org\",\"@graph\":[{\"@type\":\"WebPage\",\"@id\":\"https:\\\/\\\/cursos.ufrrj.br\\\/posgraduacao\\\/profqui\\\/grade-curricular\\\/\",\"url\":\"https:\\\/\\\/cursos.ufrrj.br\\\/posgraduacao\\\/profqui\\\/grade-curricular\\\/\",\"name\":\"Grade Curricular - Programa de Mestrado Profissional em Qu\u00edmica em Rede Nacional (PROFQUI),\",\"isPartOf\":{\"@id\":\"https:\\\/\\\/cursos.ufrrj.br\\\/posgraduacao\\\/profqui\\\/#website\"},\"datePublished\":\"2026-07-15T10:10:42+00:00\",\"dateModified\":\"2026-08-19T13:47:30+00:00\",\"breadcrumb\":{\"@id\":\"https:\\\/\\\/cursos.ufrrj.br\\\/posgraduacao\\\/profqui\\\/grade-curricular\\\/#breadcrumb\"},\"inLanguage\":\"pt-BR\",\"potentialAction\":[{\"@type\":\"ReadAction\",\"target\":[\"https:\\\/\\\/cursos.ufrrj.br\\\/posgraduacao\\\/profqui\\\/grade-curricular\\\/\"]}]},{\"@type\":\"BreadcrumbList\",\"@id\":\"https:\\\/\\\/cursos.ufrrj.br\\\/posgraduacao\\\/profqui\\\/grade-curricular\\\/#breadcrumb\",\"itemListElement\":[{\"@type\":\"ListItem\",\"position\":1,\"name\":\"In\u00edcio\",\"item\":\"https:\\\/\\\/cursos.ufrrj.br\\\/posgraduacao\\\/profqui\\\/\"},{\"@type\":\"ListItem\",\"position\":2,\"name\":\"Grade Curricular\"}]},{\"@type\":\"WebSite\",\"@id\":\"https:\\\/\\\/cursos.ufrrj.br\\\/posgraduacao\\\/profqui\\\/#website\",\"url\":\"https:\\\/\\\/cursos.ufrrj.br\\\/posgraduacao\\\/profqui\\\/\",\"name\":\"Programa de Mestrado Profissional em Qu\u00edmica em Rede Nacional (PROFQUI),\",\"description\":\"Universidade Federal Rural do Rio de Janeiro \u2013 UFRRJ\",\"potentialAction\":[{\"@type\":\"SearchAction\",\"target\":{\"@type\":\"EntryPoint\",\"urlTemplate\":\"https:\\\/\\\/cursos.ufrrj.br\\\/posgraduacao\\\/profqui\\\/?s={search_term_string}\"},\"query-input\":{\"@type\":\"PropertyValueSpecification\",\"valueRequired\":true,\"valueName\":\"search_term_string\"}}],\"inLanguage\":\"pt-BR\"}]}<\/script>\n<!-- \/ Yoast SEO plugin. -->","yoast_head_json":{"title":"Grade Curricular - Programa de Mestrado Profissional em Qu\u00edmica em Rede Nacional (PROFQUI),","robots":{"index":"index","follow":"follow","max-snippet":"max-snippet:-1","max-image-preview":"max-image-preview:large","max-video-preview":"max-video-preview:-1"},"canonical":"https:\/\/cursos.ufrrj.br\/posgraduacao\/profqui\/grade-curricular\/","og_locale":"pt_BR","og_type":"article","og_title":"Grade Curricular - Programa de Mestrado Profissional em Qu\u00edmica em Rede Nacional (PROFQUI),","og_description":"Nenhum conte\u00fa PROFQUI001 ABORDAGENS TECNOL\u00d3GICAS ATUALIZADAS PARA O ENSINO (ATE) 60h Obrigat\u00f3ria PROFQUI002 QU\u00cdMICA 2: PILARES DA QU\u00cdMICA 60h Obrigat\u00f3ria PROFQUI003 QU\u00cdMICA [&hellip;]","og_url":"https:\/\/cursos.ufrrj.br\/posgraduacao\/profqui\/grade-curricular\/","og_site_name":"Programa de Mestrado Profissional em Qu\u00edmica em Rede Nacional (PROFQUI),","article_publisher":"https:\/\/www.facebook.com\/MestradoProfissionalEmGestaoeEstrategia","article_modified_time":"2026-08-19T13:47:30+00:00","twitter_card":"summary_large_image","twitter_misc":{"Est. tempo de leitura":"1 minuto"},"schema":{"@context":"https:\/\/schema.org","@graph":[{"@type":"WebPage","@id":"https:\/\/cursos.ufrrj.br\/posgraduacao\/profqui\/grade-curricular\/","url":"https:\/\/cursos.ufrrj.br\/posgraduacao\/profqui\/grade-curricular\/","name":"Grade Curricular - Programa de Mestrado Profissional em Qu\u00edmica em Rede Nacional (PROFQUI),","isPartOf":{"@id":"https:\/\/cursos.ufrrj.br\/posgraduacao\/profqui\/#website"},"datePublished":"2026-07-15T10:10:42+00:00","dateModified":"2026-08-19T13:47:30+00:00","breadcrumb":{"@id":"https:\/\/cursos.ufrrj.br\/posgraduacao\/profqui\/grade-curricular\/#breadcrumb"},"inLanguage":"pt-BR","potentialAction":[{"@type":"ReadAction","target":["https:\/\/cursos.ufrrj.br\/posgraduacao\/profqui\/grade-curricular\/"]}]},{"@type":"BreadcrumbList","@id":"https:\/\/cursos.ufrrj.br\/posgraduacao\/profqui\/grade-curricular\/#breadcrumb","itemListElement":[{"@type":"ListItem","position":1,"name":"In\u00edcio","item":"https:\/\/cursos.ufrrj.br\/posgraduacao\/profqui\/"},{"@type":"ListItem","position":2,"name":"Grade Curricular"}]},{"@type":"WebSite","@id":"https:\/\/cursos.ufrrj.br\/posgraduacao\/profqui\/#website","url":"https:\/\/cursos.ufrrj.br\/posgraduacao\/profqui\/","name":"Programa de Mestrado Profissional em Qu\u00edmica em Rede Nacional (PROFQUI),","description":"Universidade Federal Rural do Rio de Janeiro \u2013 UFRRJ","potentialAction":[{"@type":"SearchAction","target":{"@type":"EntryPoint","urlTemplate":"https:\/\/cursos.ufrrj.br\/posgraduacao\/profqui\/?s={search_term_string}"},"query-input":{"@type":"PropertyValueSpecification","valueRequired":true,"valueName":"search_term_string"}}],"inLanguage":"pt-BR"}]}},"acf":[],"_links":{"self":[{"href":"https:\/\/cursos.ufrrj.br\/posgraduacao\/profqui\/wp-json\/wp\/v2\/pages\/11970","targetHints":{"allow":["GET"]}}],"collection":[{"href":"https:\/\/cursos.ufrrj.br\/posgraduacao\/profqui\/wp-json\/wp\/v2\/pages"}],"about":[{"href":"https:\/\/cursos.ufrrj.br\/posgraduacao\/profqui\/wp-json\/wp\/v2\/types\/page"}],"author":[{"embeddable":true,"href":"https:\/\/cursos.ufrrj.br\/posgraduacao\/profqui\/wp-json\/wp\/v2\/users\/1"}],"replies":[{"embeddable":true,"href":"https:\/\/cursos.ufrrj.br\/posgraduacao\/profqui\/wp-json\/wp\/v2\/comments?post=11970"}],"version-history":[{"count":3,"href":"https:\/\/cursos.ufrrj.br\/posgraduacao\/profqui\/wp-json\/wp\/v2\/pages\/11970\/revisions"}],"predecessor-version":[{"id":12313,"href":"https:\/\/cursos.ufrrj.br\/posgraduacao\/profqui\/wp-json\/wp\/v2\/pages\/11970\/revisions\/12313"}],"wp:attachment":[{"href":"https:\/\/cursos.ufrrj.br\/posgraduacao\/profqui\/wp-json\/wp\/v2\/media?parent=11970"}],"curies":[{"name":"wp","href":"https:\/\/api.w.org\/{rel}","templated":true}]}}