{"id":653,"date":"2022-01-19T12:30:21","date_gmt":"2022-01-19T15:30:21","guid":{"rendered":"https:\/\/cursos.ufrrj.br\/grad\/gestaoambiental-tr\/?page_id=653"},"modified":"2026-08-25T07:43:17","modified_gmt":"2026-08-25T10:43:17","slug":"coordenacao","status":"publish","type":"page","link":"https:\/\/cursos.ufrrj.br\/grad\/gestaoambiental-tr\/coordenacao\/","title":{"rendered":"Coordena\u00e7\u00e3o do curso de Gest\u00e3o Ambiental"},"content":{"rendered":"\n<p class=\"wp-block-paragraph\">A atua\u00e7\u00e3o da Coordena\u00e7\u00e3o do Curso vai al\u00e9m dos pap\u00e9is burocr\u00e1ticos. Est\u00e1 orientada para o acompanhamento pedag\u00f3gico do curr\u00edculo, sendo o Coordenador elemento mediador das rela\u00e7\u00f5es discente-docente-institui\u00e7\u00e3o.<\/p>\n\n\n\n<p class=\"wp-block-paragraph\">O di\u00e1logo e o desenvolvimento do trabalho conjunto s\u00f3 poder\u00e3o ser alcan\u00e7ados se existir o apoio e o acompanhamento pedag\u00f3gico da coordena\u00e7\u00e3o. Esse processo \u00e9 resultado do esfor\u00e7o conjunto do Colegiado de Curso, que tem por finalidade rever, periodicamente, as a\u00e7\u00f5es de cunho pedag\u00f3gico desempenhadas pelos docentes, al\u00e9m de articular a\u00e7\u00f5es que aproximem a sociedade da Universidade, em especial, do presente curso.<\/p>\n\n\n\n<p class=\"wp-block-paragraph\">A coordena\u00e7\u00e3o deve ainda ser respons\u00e1vel pela avalia\u00e7\u00e3o do curso e&nbsp; acompanhamento do processo ensino-aprendizagem, mediante a articula\u00e7\u00e3o da Coordena\u00e7\u00e3o de Curso e o Decanato de Ensino de Gradua\u00e7\u00e3o, com alinhamento das diretrizes institucionais da UFRRJ e metas definidas pelo Colegiado do Curso.<\/p>\n\n\n\n<p class=\"wp-block-paragraph\">As estrat\u00e9gias pedag\u00f3gicas demandam a participa\u00e7\u00e3o dos docentes, como agentes de transforma\u00e7\u00e3o, integrados ao desenvolvimento do curr\u00edculo permitindo a interdisciplinaridade, atrav\u00e9s do di\u00e1logo permanente.<\/p>\n\n\n\n<p class=\"wp-block-paragraph\"><\/p>\n\n\n\n<h2 class=\"wp-block-heading\"><strong>Coordena\u00e7\u00e3o do curso<\/strong><\/h2>\n\n\n\n<div style=\"height:50px\" aria-hidden=\"true\" class=\"wp-block-spacer\"><\/div>\n\n\n\n<div class=\"wp-block-media-text is-stacked-on-mobile\" style=\"grid-template-columns:15% auto\"><figure class=\"wp-block-media-text__media\"><img loading=\"lazy\" decoding=\"async\" width=\"392\" height=\"471\" src=\"http:\/\/cursos.ufrrj.br\/grad\/gestaoambiental-tr\/files\/2026\/08\/coord-erika-site-ga.jpg\" alt=\"\" class=\"wp-image-1168 size-full\" srcset=\"https:\/\/cursos.ufrrj.br\/grad\/gestaoambiental-tr\/files\/2026\/08\/coord-erika-site-ga.jpg 392w, https:\/\/cursos.ufrrj.br\/grad\/gestaoambiental-tr\/files\/2026\/08\/coord-erika-site-ga-250x300.jpg 250w, https:\/\/cursos.ufrrj.br\/grad\/gestaoambiental-tr\/files\/2026\/08\/coord-erika-site-ga-58x70.jpg 58w\" sizes=\"auto, (max-width: 392px) 100vw, 392px\" \/><\/figure><div class=\"wp-block-media-text__content\">\n<h3 class=\"wp-block-heading\">Erika Cortines<\/h3>\n\n\n\n<p class=\"wp-block-paragraph\">Doutora em Ci\u00eancias Doutora em Ci\u00eancias Ambientais e Florestais pela Universidade Federal Rural do Rio de Janeiro.<\/p>\n\n\n\n<p class=\"wp-block-paragraph\"><a href=\"http:\/\/lattes.cnpq.br\/1020062257227266\">http:\/\/lattes.cnpq.br\/1020062257227266726<\/a><\/p>\n<\/div><\/div>\n\n\n\n<div style=\"height:50px\" aria-hidden=\"true\" class=\"wp-block-spacer\"><\/div>\n\n\n\n<hr class=\"wp-block-separator has-css-opacity\"\/>\n\n\n\n<div style=\"height:50px\" aria-hidden=\"true\" class=\"wp-block-spacer\"><\/div>\n\n\n\n<h2 class=\"wp-block-heading\">Vice-c<strong>oordena\u00e7\u00e3o <\/strong><\/h2>\n\n\n\n<div style=\"height:50px\" aria-hidden=\"true\" class=\"wp-block-spacer\"><\/div>\n\n\n\n<div class=\"wp-block-media-text is-stacked-on-mobile\" style=\"grid-template-columns:15% auto\"><figure class=\"wp-block-media-text__media\"><img loading=\"lazy\" decoding=\"async\" width=\"966\" height=\"966\" src=\"http:\/\/cursos.ufrrj.br\/grad\/gestaoambiental-tr\/files\/2026\/08\/foto-vice-coord-site-ga.jpg\" alt=\"\" class=\"wp-image-1169 size-full\" srcset=\"https:\/\/cursos.ufrrj.br\/grad\/gestaoambiental-tr\/files\/2026\/08\/foto-vice-coord-site-ga.jpg 966w, https:\/\/cursos.ufrrj.br\/grad\/gestaoambiental-tr\/files\/2026\/08\/foto-vice-coord-site-ga-300x300.jpg 300w, https:\/\/cursos.ufrrj.br\/grad\/gestaoambiental-tr\/files\/2026\/08\/foto-vice-coord-site-ga-150x150.jpg 150w, https:\/\/cursos.ufrrj.br\/grad\/gestaoambiental-tr\/files\/2026\/08\/foto-vice-coord-site-ga-768x768.jpg 768w, https:\/\/cursos.ufrrj.br\/grad\/gestaoambiental-tr\/files\/2026\/08\/foto-vice-coord-site-ga-200x200.jpg 200w, https:\/\/cursos.ufrrj.br\/grad\/gestaoambiental-tr\/files\/2026\/08\/foto-vice-coord-site-ga-70x70.jpg 70w\" sizes=\"auto, (max-width: 966px) 100vw, 966px\" \/><\/figure><div class=\"wp-block-media-text__content\">\n<h3 class=\"wp-block-heading\">Michaela Alvim Milward de Azevedo<\/h3>\n\n\n\n<p class=\"wp-block-paragraph\">P\u00f3s-Doutora em Bot\u00e2ncia pela Universidade Estadual de Campinas<\/p>\n\n\n\n<p class=\"wp-block-paragraph\"><a href=\"http:\/\/lattes.cnpq.br\/1791739853761449\">http:\/\/lattes.cnpq.br\/1791739853761449<\/a><\/p>\n<\/div><\/div>\n\n\n\n<div style=\"height:50px\" aria-hidden=\"true\" class=\"wp-block-spacer\"><\/div>\n\n\n\n<hr class=\"wp-block-separator has-css-opacity\"\/>\n\n\n\n<div style=\"height:50px\" aria-hidden=\"true\" class=\"wp-block-spacer\"><\/div>\n\n\n\n<h2 class=\"wp-block-heading\">Secretaria do curso<\/h2>\n\n\n\n<div style=\"height:50px\" aria-hidden=\"true\" class=\"wp-block-spacer\"><\/div>\n\n\n\n<h3 class=\"wp-block-heading\">Jaquelane J. Abrah\u00e3o de Almeida<\/h3>\n\n\n\n<p class=\"wp-block-paragraph\">Mestre em Gest\u00e3o e Estrat\u00e9gia (UFRRJ)<\/p>\n\n\n\n<p class=\"wp-block-paragraph\"><a href=\"mailto:coordgestambiental-itr@ufrrj.br\">coordgestambiental-itr@ufrrj.br<\/a><\/p>\n\n\n\n<div style=\"height:50px\" aria-hidden=\"true\" class=\"wp-block-spacer\"><\/div>\n","protected":false},"excerpt":{"rendered":"<p>A atua\u00e7\u00e3o da Coordena\u00e7\u00e3o do Curso vai al\u00e9m dos pap\u00e9is burocr\u00e1ticos. Est\u00e1 orientada para o acompanhamento pedag\u00f3gico do curr\u00edculo, sendo o Coordenador [&hellip;]<\/p>\n","protected":false},"author":139,"featured_media":0,"parent":0,"menu_order":0,"comment_status":"closed","ping_status":"closed","template":"","meta":{"_acf_changed":false,"ngg_post_thumbnail":0,"footnotes":""},"class_list":["post-653","page","type-page","status-publish","hentry"],"yoast_head":"<!-- This site is optimized with the Yoast SEO plugin v28.3 - https:\/\/yoast.com\/product\/yoast-seo-wordpress\/ -->\n<title>Coordena\u00e7\u00e3o do curso de Gest\u00e3o Ambiental - Gradua\u00e7\u00e3o em Gest\u00e3o Ambiental - Campus Tr\u00eas Rios<\/title>\n<meta name=\"robots\" content=\"index, follow, max-snippet:-1, max-image-preview:large, max-video-preview:-1\" \/>\n<link rel=\"canonical\" href=\"https:\/\/cursos.ufrrj.br\/grad\/gestaoambiental-tr\/coordenacao\/\" \/>\n<meta property=\"og:locale\" content=\"pt_BR\" \/>\n<meta property=\"og:type\" content=\"article\" \/>\n<meta property=\"og:title\" content=\"Coordena\u00e7\u00e3o do curso de Gest\u00e3o Ambiental - Gradua\u00e7\u00e3o em Gest\u00e3o Ambiental - Campus Tr\u00eas Rios\" \/>\n<meta property=\"og:description\" content=\"A atua\u00e7\u00e3o da Coordena\u00e7\u00e3o do Curso vai al\u00e9m dos pap\u00e9is burocr\u00e1ticos. Est\u00e1 orientada para o acompanhamento pedag\u00f3gico do curr\u00edculo, sendo o Coordenador [&hellip;]\" \/>\n<meta property=\"og:url\" content=\"https:\/\/cursos.ufrrj.br\/grad\/gestaoambiental-tr\/coordenacao\/\" \/>\n<meta property=\"og:site_name\" content=\"Gradua\u00e7\u00e3o em Gest\u00e3o Ambiental - Campus Tr\u00eas Rios\" \/>\n<meta property=\"article:modified_time\" content=\"2026-08-25T10:43:17+00:00\" \/>\n<meta property=\"og:image\" content=\"https:\/\/cursos.ufrrj.br\/grad\/gestaoambiental-tr\/files\/2026\/08\/coord-erika-site-ga.jpg\" \/>\n\t<meta property=\"og:image:width\" content=\"392\" \/>\n\t<meta property=\"og:image:height\" content=\"471\" \/>\n\t<meta property=\"og:image:type\" content=\"image\/jpeg\" \/>\n<meta name=\"twitter:card\" content=\"summary_large_image\" \/>\n<meta name=\"twitter:label1\" content=\"Est. tempo de leitura\" \/>\n\t<meta name=\"twitter:data1\" content=\"2 minutos\" \/>\n<script type=\"application\/ld+json\" class=\"yoast-schema-graph\">{\"@context\":\"https:\\\/\\\/schema.org\",\"@graph\":[{\"@type\":\"WebPage\",\"@id\":\"https:\\\/\\\/cursos.ufrrj.br\\\/grad\\\/gestaoambiental-tr\\\/coordenacao\\\/\",\"url\":\"https:\\\/\\\/cursos.ufrrj.br\\\/grad\\\/gestaoambiental-tr\\\/coordenacao\\\/\",\"name\":\"Coordena\u00e7\u00e3o do curso de Gest\u00e3o Ambiental - Gradua\u00e7\u00e3o em Gest\u00e3o Ambiental - Campus Tr\u00eas Rios\",\"isPartOf\":{\"@id\":\"https:\\\/\\\/cursos.ufrrj.br\\\/grad\\\/gestaoambiental-tr\\\/#website\"},\"primaryImageOfPage\":{\"@id\":\"https:\\\/\\\/cursos.ufrrj.br\\\/grad\\\/gestaoambiental-tr\\\/coordenacao\\\/#primaryimage\"},\"image\":{\"@id\":\"https:\\\/\\\/cursos.ufrrj.br\\\/grad\\\/gestaoambiental-tr\\\/coordenacao\\\/#primaryimage\"},\"thumbnailUrl\":\"http:\\\/\\\/cursos.ufrrj.br\\\/grad\\\/gestaoambiental-tr\\\/files\\\/2026\\\/08\\\/coord-erika-site-ga.jpg\",\"datePublished\":\"2022-01-19T15:30:21+00:00\",\"dateModified\":\"2026-08-25T10:43:17+00:00\",\"breadcrumb\":{\"@id\":\"https:\\\/\\\/cursos.ufrrj.br\\\/grad\\\/gestaoambiental-tr\\\/coordenacao\\\/#breadcrumb\"},\"inLanguage\":\"pt-BR\",\"potentialAction\":[{\"@type\":\"ReadAction\",\"target\":[\"https:\\\/\\\/cursos.ufrrj.br\\\/grad\\\/gestaoambiental-tr\\\/coordenacao\\\/\"]}]},{\"@type\":\"ImageObject\",\"inLanguage\":\"pt-BR\",\"@id\":\"https:\\\/\\\/cursos.ufrrj.br\\\/grad\\\/gestaoambiental-tr\\\/coordenacao\\\/#primaryimage\",\"url\":\"https:\\\/\\\/cursos.ufrrj.br\\\/grad\\\/gestaoambiental-tr\\\/files\\\/2026\\\/08\\\/coord-erika-site-ga.jpg\",\"contentUrl\":\"https:\\\/\\\/cursos.ufrrj.br\\\/grad\\\/gestaoambiental-tr\\\/files\\\/2026\\\/08\\\/coord-erika-site-ga.jpg\",\"width\":392,\"height\":471},{\"@type\":\"BreadcrumbList\",\"@id\":\"https:\\\/\\\/cursos.ufrrj.br\\\/grad\\\/gestaoambiental-tr\\\/coordenacao\\\/#breadcrumb\",\"itemListElement\":[{\"@type\":\"ListItem\",\"position\":1,\"name\":\"In\u00edcio\",\"item\":\"https:\\\/\\\/cursos.ufrrj.br\\\/grad\\\/gestaoambiental-tr\\\/\"},{\"@type\":\"ListItem\",\"position\":2,\"name\":\"Coordena\u00e7\u00e3o do curso de Gest\u00e3o Ambiental\"}]},{\"@type\":\"WebSite\",\"@id\":\"https:\\\/\\\/cursos.ufrrj.br\\\/grad\\\/gestaoambiental-tr\\\/#website\",\"url\":\"https:\\\/\\\/cursos.ufrrj.br\\\/grad\\\/gestaoambiental-tr\\\/\",\"name\":\"Gradua\u00e7\u00e3o em Gest\u00e3o Ambiental - Campus Tr\u00eas Rios\",\"description\":\"Campus Tr\u00eas Rios \u2013 UFRRJ\",\"publisher\":{\"@id\":\"https:\\\/\\\/cursos.ufrrj.br\\\/grad\\\/gestaoambiental-tr\\\/#organization\"},\"potentialAction\":[{\"@type\":\"SearchAction\",\"target\":{\"@type\":\"EntryPoint\",\"urlTemplate\":\"https:\\\/\\\/cursos.ufrrj.br\\\/grad\\\/gestaoambiental-tr\\\/?s={search_term_string}\"},\"query-input\":{\"@type\":\"PropertyValueSpecification\",\"valueRequired\":true,\"valueName\":\"search_term_string\"}}],\"inLanguage\":\"pt-BR\"},{\"@type\":\"Organization\",\"@id\":\"https:\\\/\\\/cursos.ufrrj.br\\\/grad\\\/gestaoambiental-tr\\\/#organization\",\"name\":\"Gradua\u00e7\u00e3o em Gest\u00e3o Ambiental - Campus Tr\u00eas Rios\",\"url\":\"https:\\\/\\\/cursos.ufrrj.br\\\/grad\\\/gestaoambiental-tr\\\/\",\"logo\":{\"@type\":\"ImageObject\",\"inLanguage\":\"pt-BR\",\"@id\":\"https:\\\/\\\/cursos.ufrrj.br\\\/grad\\\/gestaoambiental-tr\\\/#\\\/schema\\\/logo\\\/image\\\/\",\"url\":\"https:\\\/\\\/cursos.ufrrj.br\\\/grad\\\/gestaoambiental-tr\\\/files\\\/2021\\\/09\\\/banner-exemplo-1.png\",\"contentUrl\":\"https:\\\/\\\/cursos.ufrrj.br\\\/grad\\\/gestaoambiental-tr\\\/files\\\/2021\\\/09\\\/banner-exemplo-1.png\",\"width\":1150,\"height\":300,\"caption\":\"Gradua\u00e7\u00e3o em Gest\u00e3o Ambiental - Campus Tr\u00eas Rios\"},\"image\":{\"@id\":\"https:\\\/\\\/cursos.ufrrj.br\\\/grad\\\/gestaoambiental-tr\\\/#\\\/schema\\\/logo\\\/image\\\/\"}}]}<\/script>\n<!-- \/ Yoast SEO plugin. -->","yoast_head_json":{"title":"Coordena\u00e7\u00e3o do curso de Gest\u00e3o Ambiental - Gradua\u00e7\u00e3o em Gest\u00e3o Ambiental - Campus Tr\u00eas Rios","robots":{"index":"index","follow":"follow","max-snippet":"max-snippet:-1","max-image-preview":"max-image-preview:large","max-video-preview":"max-video-preview:-1"},"canonical":"https:\/\/cursos.ufrrj.br\/grad\/gestaoambiental-tr\/coordenacao\/","og_locale":"pt_BR","og_type":"article","og_title":"Coordena\u00e7\u00e3o do curso de Gest\u00e3o Ambiental - Gradua\u00e7\u00e3o em Gest\u00e3o Ambiental - Campus Tr\u00eas Rios","og_description":"A atua\u00e7\u00e3o da Coordena\u00e7\u00e3o do Curso vai al\u00e9m dos pap\u00e9is burocr\u00e1ticos. Est\u00e1 orientada para o acompanhamento pedag\u00f3gico do curr\u00edculo, sendo o Coordenador [&hellip;]","og_url":"https:\/\/cursos.ufrrj.br\/grad\/gestaoambiental-tr\/coordenacao\/","og_site_name":"Gradua\u00e7\u00e3o em Gest\u00e3o Ambiental - Campus Tr\u00eas Rios","article_modified_time":"2026-08-25T10:43:17+00:00","og_image":[{"width":392,"height":471,"url":"https:\/\/cursos.ufrrj.br\/grad\/gestaoambiental-tr\/files\/2026\/08\/coord-erika-site-ga.jpg","type":"image\/jpeg"}],"twitter_card":"summary_large_image","twitter_misc":{"Est. tempo de leitura":"2 minutos"},"schema":{"@context":"https:\/\/schema.org","@graph":[{"@type":"WebPage","@id":"https:\/\/cursos.ufrrj.br\/grad\/gestaoambiental-tr\/coordenacao\/","url":"https:\/\/cursos.ufrrj.br\/grad\/gestaoambiental-tr\/coordenacao\/","name":"Coordena\u00e7\u00e3o do curso de Gest\u00e3o Ambiental - Gradua\u00e7\u00e3o em Gest\u00e3o Ambiental - Campus Tr\u00eas Rios","isPartOf":{"@id":"https:\/\/cursos.ufrrj.br\/grad\/gestaoambiental-tr\/#website"},"primaryImageOfPage":{"@id":"https:\/\/cursos.ufrrj.br\/grad\/gestaoambiental-tr\/coordenacao\/#primaryimage"},"image":{"@id":"https:\/\/cursos.ufrrj.br\/grad\/gestaoambiental-tr\/coordenacao\/#primaryimage"},"thumbnailUrl":"http:\/\/cursos.ufrrj.br\/grad\/gestaoambiental-tr\/files\/2026\/08\/coord-erika-site-ga.jpg","datePublished":"2022-01-19T15:30:21+00:00","dateModified":"2026-08-25T10:43:17+00:00","breadcrumb":{"@id":"https:\/\/cursos.ufrrj.br\/grad\/gestaoambiental-tr\/coordenacao\/#breadcrumb"},"inLanguage":"pt-BR","potentialAction":[{"@type":"ReadAction","target":["https:\/\/cursos.ufrrj.br\/grad\/gestaoambiental-tr\/coordenacao\/"]}]},{"@type":"ImageObject","inLanguage":"pt-BR","@id":"https:\/\/cursos.ufrrj.br\/grad\/gestaoambiental-tr\/coordenacao\/#primaryimage","url":"https:\/\/cursos.ufrrj.br\/grad\/gestaoambiental-tr\/files\/2026\/08\/coord-erika-site-ga.jpg","contentUrl":"https:\/\/cursos.ufrrj.br\/grad\/gestaoambiental-tr\/files\/2026\/08\/coord-erika-site-ga.jpg","width":392,"height":471},{"@type":"BreadcrumbList","@id":"https:\/\/cursos.ufrrj.br\/grad\/gestaoambiental-tr\/coordenacao\/#breadcrumb","itemListElement":[{"@type":"ListItem","position":1,"name":"In\u00edcio","item":"https:\/\/cursos.ufrrj.br\/grad\/gestaoambiental-tr\/"},{"@type":"ListItem","position":2,"name":"Coordena\u00e7\u00e3o do curso de Gest\u00e3o Ambiental"}]},{"@type":"WebSite","@id":"https:\/\/cursos.ufrrj.br\/grad\/gestaoambiental-tr\/#website","url":"https:\/\/cursos.ufrrj.br\/grad\/gestaoambiental-tr\/","name":"Gradua\u00e7\u00e3o em Gest\u00e3o Ambiental - Campus Tr\u00eas Rios","description":"Campus Tr\u00eas Rios \u2013 UFRRJ","publisher":{"@id":"https:\/\/cursos.ufrrj.br\/grad\/gestaoambiental-tr\/#organization"},"potentialAction":[{"@type":"SearchAction","target":{"@type":"EntryPoint","urlTemplate":"https:\/\/cursos.ufrrj.br\/grad\/gestaoambiental-tr\/?s={search_term_string}"},"query-input":{"@type":"PropertyValueSpecification","valueRequired":true,"valueName":"search_term_string"}}],"inLanguage":"pt-BR"},{"@type":"Organization","@id":"https:\/\/cursos.ufrrj.br\/grad\/gestaoambiental-tr\/#organization","name":"Gradua\u00e7\u00e3o em Gest\u00e3o Ambiental - Campus Tr\u00eas Rios","url":"https:\/\/cursos.ufrrj.br\/grad\/gestaoambiental-tr\/","logo":{"@type":"ImageObject","inLanguage":"pt-BR","@id":"https:\/\/cursos.ufrrj.br\/grad\/gestaoambiental-tr\/#\/schema\/logo\/image\/","url":"https:\/\/cursos.ufrrj.br\/grad\/gestaoambiental-tr\/files\/2021\/09\/banner-exemplo-1.png","contentUrl":"https:\/\/cursos.ufrrj.br\/grad\/gestaoambiental-tr\/files\/2021\/09\/banner-exemplo-1.png","width":1150,"height":300,"caption":"Gradua\u00e7\u00e3o em Gest\u00e3o Ambiental - Campus Tr\u00eas Rios"},"image":{"@id":"https:\/\/cursos.ufrrj.br\/grad\/gestaoambiental-tr\/#\/schema\/logo\/image\/"}}]}},"acf":[],"_links":{"self":[{"href":"https:\/\/cursos.ufrrj.br\/grad\/gestaoambiental-tr\/wp-json\/wp\/v2\/pages\/653","targetHints":{"allow":["GET"]}}],"collection":[{"href":"https:\/\/cursos.ufrrj.br\/grad\/gestaoambiental-tr\/wp-json\/wp\/v2\/pages"}],"about":[{"href":"https:\/\/cursos.ufrrj.br\/grad\/gestaoambiental-tr\/wp-json\/wp\/v2\/types\/page"}],"author":[{"embeddable":true,"href":"https:\/\/cursos.ufrrj.br\/grad\/gestaoambiental-tr\/wp-json\/wp\/v2\/users\/139"}],"replies":[{"embeddable":true,"href":"https:\/\/cursos.ufrrj.br\/grad\/gestaoambiental-tr\/wp-json\/wp\/v2\/comments?post=653"}],"version-history":[{"count":46,"href":"https:\/\/cursos.ufrrj.br\/grad\/gestaoambiental-tr\/wp-json\/wp\/v2\/pages\/653\/revisions"}],"predecessor-version":[{"id":1207,"href":"https:\/\/cursos.ufrrj.br\/grad\/gestaoambiental-tr\/wp-json\/wp\/v2\/pages\/653\/revisions\/1207"}],"wp:attachment":[{"href":"https:\/\/cursos.ufrrj.br\/grad\/gestaoambiental-tr\/wp-json\/wp\/v2\/media?parent=653"}],"curies":[{"name":"wp","href":"https:\/\/api.w.org\/{rel}","templated":true}]}}