{"id":1628,"date":"2023-10-11T14:07:09","date_gmt":"2023-10-11T14:07:09","guid":{"rendered":"https:\/\/cursos.ufrrj.br\/grad\/fisica\/?page_id=1628"},"modified":"2026-08-25T12:30:31","modified_gmt":"2026-08-25T12:30:31","slug":"bacharelado-em-fisica","status":"publish","type":"page","link":"https:\/\/cursos.ufrrj.br\/grad\/fisica\/bacharelado-em-fisica\/","title":{"rendered":"Bacharelado em F\u00edsica"},"content":{"rendered":"<p>Como um objetivo de ordem geral, o Curso de Bacharelado da UFRRJ, seguindo a tradi\u00e7\u00e3o que tem sido caracter\u00edstica desta Institui\u00e7\u00e3o de Ensino, visa \u00e0 forma\u00e7\u00e3o de profissionais, n\u00e3o somente dotados de compet\u00eancias e habilidades espec\u00edficas para o exerc\u00edcio de determinadas atribui\u00e7\u00f5es, mas de uma consci\u00eancia \u00e9tica e social bem consolidada, e que, assim, possam contribuir para o desenvolvimento de uma sociedade assentada sobre valores de justi\u00e7a e de humanidade. Em um sentido mais espec\u00edfico, o curso de Bacharelado com \u00eanfases visa primordialmente \u00e0 forma\u00e7\u00e3o de f\u00edsicos que desejem prosseguir em estudos de p\u00f3s-gradua\u00e7\u00e3o nas \u00e1reas de pesquisa em <strong>F\u00edsica das Intera\u00e7\u00f5es Fundamentais\/Cosmologia e F\u00edsica da Mat\u00e9ria Condensada Te\u00f3rica<\/strong> e, com isso, se integrar ao universo acad\u00eamico da pesquisa avan\u00e7ada, realizada, primordialmente, no \u00e2mbito das universidades e centros de pesquisa.<\/p>\n<p>A \u00eanfase em <strong>F\u00edsica das Intera\u00e7\u00f5es Fundamentais<\/strong>, tem a motiva\u00e7\u00e3o de prover uma forma\u00e7\u00e3o adequada para os estudantes que t\u00eam por objetivo seguir uma trajet\u00f3ria acad\u00eamica de pesquisa na \u00e1rea de F\u00edsica das Intera\u00e7\u00f5es Fundamentais e Cosmologia. Em vista da finalidade proposta, o curso enfatiza, al\u00e9m do conhecimento estrutural da F\u00edsica, segundo as vertentes tradicionais do Eletromagnetismo, da Mec\u00e2nica Cl\u00e1ssica, da Termodin\u00e2mica, da Mec\u00e2nica Estat\u00edstica e da Mec\u00e2nica Qu\u00e2ntica, conte\u00fados que normalmente est\u00e3o exclu\u00eddos das matrizes curriculares de gradua\u00e7\u00e3o, mas que j\u00e1 se tornaram elementos proped\u00eauticos ao estudo da F\u00edsica das Intera\u00e7\u00f5es Fundamentais: a Teoria Cl\u00e1ssica de Campos, a Teoria da Relatividade Geral e a F\u00edsica de Part\u00edculas\u00a0Elementares. Al\u00e9m desses, s\u00e3o tamb\u00e9m abordados conte\u00fados de matem\u00e1tica mais avan\u00e7ada, como Teoria de Grupos, Topologia e Geometria Diferencial, todos de uma forma aplicada \u00e0 F\u00edsica.<\/p>\n<p>A \u00eanfase em <strong>F\u00edsica da Mat\u00e9ria Condensada Te\u00f3rica<\/strong> tem a motiva\u00e7\u00e3o\u00a0de prover uma forma\u00e7\u00e3o adequada para os estudantes que t\u00eam por objetivo seguir uma trajet\u00f3ria acad\u00eamica de pesquisa respons\u00e1vel por conectar a f\u00edsica moderna fundamental com as tecnologias que revolucionam o mundo. Essa \u00e9 a maior e mais ativa \u00e1rea da f\u00edsica moderna, que tem se desenvolvido de modo vertiginoso. Essa \u00eanfase permite que voc\u00ea use a Mec\u00e2nica Qu\u00e2ntica, matem\u00e1tica avan\u00e7ada e computa\u00e7\u00e3o para prever novos fen\u00f4menos e materiais antes mesmo que eles sejam criados em laborat\u00f3rio. Ela lidera o protagonismo na revolu\u00e7\u00e3o tecnol\u00f3gica, estudando como \u00e1tomos e el\u00e9trons se comportam de forma coletiva em diversos materiais, como s\u00f3lidos e l\u00edquidos. A teoria desenvolvida nessa \u00e1rea \u00e9 a base para Computa\u00e7\u00e3o Qu\u00e2ntica (modelagem de qubits, isolantes topol\u00f3gicos, f\u00e9rmions de Majorana, &#8230;), Supercondutividade (descoberta de materiais que conduzem eletricidade sem perda de energia a altas temperaturas) e Nanotecnologia (desenvolvimento de novos materiais com dimens\u00f5es de um bilion\u00e9simo do metro para eletr\u00f4nica a n\u00edvel molecular).<\/p>\n","protected":false},"excerpt":{"rendered":"<p>Como um objetivo de ordem geral, o Curso de Bacharelado da UFRRJ, seguindo a tradi\u00e7\u00e3o que tem sido caracter\u00edstica desta Institui\u00e7\u00e3o de [&hellip;]<\/p>\n","protected":false},"author":127,"featured_media":0,"parent":0,"menu_order":0,"comment_status":"closed","ping_status":"closed","template":"","meta":{"_acf_changed":false,"ngg_post_thumbnail":0,"footnotes":"","_links_to":"","_links_to_target":""},"class_list":["post-1628","page","type-page","status-publish","hentry"],"yoast_head":"<!-- This site is optimized with the Yoast SEO plugin v28.3 - https:\/\/yoast.com\/product\/yoast-seo-wordpress\/ -->\n<title>Bacharelado em F\u00edsica - Curso de F\u00edsica<\/title>\n<meta name=\"robots\" content=\"index, follow, max-snippet:-1, max-image-preview:large, max-video-preview:-1\" \/>\n<link rel=\"canonical\" href=\"https:\/\/cursos.ufrrj.br\/grad\/fisica\/bacharelado-em-fisica\/\" \/>\n<meta property=\"og:locale\" content=\"pt_BR\" \/>\n<meta property=\"og:type\" content=\"article\" \/>\n<meta property=\"og:title\" content=\"Bacharelado em F\u00edsica - Curso de F\u00edsica\" \/>\n<meta property=\"og:description\" content=\"Como um objetivo de ordem geral, o Curso de Bacharelado da UFRRJ, seguindo a tradi\u00e7\u00e3o que tem sido caracter\u00edstica desta Institui\u00e7\u00e3o de [&hellip;]\" \/>\n<meta property=\"og:url\" content=\"https:\/\/cursos.ufrrj.br\/grad\/fisica\/bacharelado-em-fisica\/\" \/>\n<meta property=\"og:site_name\" content=\"Curso de F\u00edsica\" \/>\n<meta property=\"article:modified_time\" content=\"2026-08-25T12:30:31+00:00\" \/>\n<meta name=\"twitter:card\" content=\"summary_large_image\" \/>\n<meta name=\"twitter:label1\" content=\"Est. tempo de leitura\" \/>\n\t<meta name=\"twitter:data1\" content=\"3 minutos\" \/>\n<script type=\"application\/ld+json\" class=\"yoast-schema-graph\">{\"@context\":\"https:\\\/\\\/schema.org\",\"@graph\":[{\"@type\":\"WebPage\",\"@id\":\"https:\\\/\\\/cursos.ufrrj.br\\\/grad\\\/fisica\\\/bacharelado-em-fisica\\\/\",\"url\":\"https:\\\/\\\/cursos.ufrrj.br\\\/grad\\\/fisica\\\/bacharelado-em-fisica\\\/\",\"name\":\"Bacharelado em F\u00edsica - Curso de F\u00edsica\",\"isPartOf\":{\"@id\":\"https:\\\/\\\/cursos.ufrrj.br\\\/grad\\\/fisica\\\/#website\"},\"datePublished\":\"2023-10-11T14:07:09+00:00\",\"dateModified\":\"2026-08-25T12:30:31+00:00\",\"breadcrumb\":{\"@id\":\"https:\\\/\\\/cursos.ufrrj.br\\\/grad\\\/fisica\\\/bacharelado-em-fisica\\\/#breadcrumb\"},\"inLanguage\":\"pt-BR\",\"potentialAction\":[{\"@type\":\"ReadAction\",\"target\":[\"https:\\\/\\\/cursos.ufrrj.br\\\/grad\\\/fisica\\\/bacharelado-em-fisica\\\/\"]}]},{\"@type\":\"BreadcrumbList\",\"@id\":\"https:\\\/\\\/cursos.ufrrj.br\\\/grad\\\/fisica\\\/bacharelado-em-fisica\\\/#breadcrumb\",\"itemListElement\":[{\"@type\":\"ListItem\",\"position\":1,\"name\":\"In\u00edcio\",\"item\":\"https:\\\/\\\/cursos.ufrrj.br\\\/grad\\\/fisica\\\/\"},{\"@type\":\"ListItem\",\"position\":2,\"name\":\"Bacharelado em F\u00edsica\"}]},{\"@type\":\"WebSite\",\"@id\":\"https:\\\/\\\/cursos.ufrrj.br\\\/grad\\\/fisica\\\/#website\",\"url\":\"https:\\\/\\\/cursos.ufrrj.br\\\/grad\\\/fisica\\\/\",\"name\":\"Curso de F\u00edsica\",\"description\":\"Universidade Federal Rural do Rio de Janeiro \u2013 UFRRJ\",\"potentialAction\":[{\"@type\":\"SearchAction\",\"target\":{\"@type\":\"EntryPoint\",\"urlTemplate\":\"https:\\\/\\\/cursos.ufrrj.br\\\/grad\\\/fisica\\\/?s={search_term_string}\"},\"query-input\":{\"@type\":\"PropertyValueSpecification\",\"valueRequired\":true,\"valueName\":\"search_term_string\"}}],\"inLanguage\":\"pt-BR\"}]}<\/script>\n<!-- \/ Yoast SEO plugin. -->","yoast_head_json":{"title":"Bacharelado em F\u00edsica - Curso de F\u00edsica","robots":{"index":"index","follow":"follow","max-snippet":"max-snippet:-1","max-image-preview":"max-image-preview:large","max-video-preview":"max-video-preview:-1"},"canonical":"https:\/\/cursos.ufrrj.br\/grad\/fisica\/bacharelado-em-fisica\/","og_locale":"pt_BR","og_type":"article","og_title":"Bacharelado em F\u00edsica - Curso de F\u00edsica","og_description":"Como um objetivo de ordem geral, o Curso de Bacharelado da UFRRJ, seguindo a tradi\u00e7\u00e3o que tem sido caracter\u00edstica desta Institui\u00e7\u00e3o de [&hellip;]","og_url":"https:\/\/cursos.ufrrj.br\/grad\/fisica\/bacharelado-em-fisica\/","og_site_name":"Curso de F\u00edsica","article_modified_time":"2026-08-25T12:30:31+00:00","twitter_card":"summary_large_image","twitter_misc":{"Est. tempo de leitura":"3 minutos"},"schema":{"@context":"https:\/\/schema.org","@graph":[{"@type":"WebPage","@id":"https:\/\/cursos.ufrrj.br\/grad\/fisica\/bacharelado-em-fisica\/","url":"https:\/\/cursos.ufrrj.br\/grad\/fisica\/bacharelado-em-fisica\/","name":"Bacharelado em F\u00edsica - Curso de F\u00edsica","isPartOf":{"@id":"https:\/\/cursos.ufrrj.br\/grad\/fisica\/#website"},"datePublished":"2023-10-11T14:07:09+00:00","dateModified":"2026-08-25T12:30:31+00:00","breadcrumb":{"@id":"https:\/\/cursos.ufrrj.br\/grad\/fisica\/bacharelado-em-fisica\/#breadcrumb"},"inLanguage":"pt-BR","potentialAction":[{"@type":"ReadAction","target":["https:\/\/cursos.ufrrj.br\/grad\/fisica\/bacharelado-em-fisica\/"]}]},{"@type":"BreadcrumbList","@id":"https:\/\/cursos.ufrrj.br\/grad\/fisica\/bacharelado-em-fisica\/#breadcrumb","itemListElement":[{"@type":"ListItem","position":1,"name":"In\u00edcio","item":"https:\/\/cursos.ufrrj.br\/grad\/fisica\/"},{"@type":"ListItem","position":2,"name":"Bacharelado em F\u00edsica"}]},{"@type":"WebSite","@id":"https:\/\/cursos.ufrrj.br\/grad\/fisica\/#website","url":"https:\/\/cursos.ufrrj.br\/grad\/fisica\/","name":"Curso de F\u00edsica","description":"Universidade Federal Rural do Rio de Janeiro \u2013 UFRRJ","potentialAction":[{"@type":"SearchAction","target":{"@type":"EntryPoint","urlTemplate":"https:\/\/cursos.ufrrj.br\/grad\/fisica\/?s={search_term_string}"},"query-input":{"@type":"PropertyValueSpecification","valueRequired":true,"valueName":"search_term_string"}}],"inLanguage":"pt-BR"}]}},"acf":[],"_links":{"self":[{"href":"https:\/\/cursos.ufrrj.br\/grad\/fisica\/wp-json\/wp\/v2\/pages\/1628","targetHints":{"allow":["GET"]}}],"collection":[{"href":"https:\/\/cursos.ufrrj.br\/grad\/fisica\/wp-json\/wp\/v2\/pages"}],"about":[{"href":"https:\/\/cursos.ufrrj.br\/grad\/fisica\/wp-json\/wp\/v2\/types\/page"}],"author":[{"embeddable":true,"href":"https:\/\/cursos.ufrrj.br\/grad\/fisica\/wp-json\/wp\/v2\/users\/127"}],"replies":[{"embeddable":true,"href":"https:\/\/cursos.ufrrj.br\/grad\/fisica\/wp-json\/wp\/v2\/comments?post=1628"}],"version-history":[{"count":3,"href":"https:\/\/cursos.ufrrj.br\/grad\/fisica\/wp-json\/wp\/v2\/pages\/1628\/revisions"}],"predecessor-version":[{"id":2282,"href":"https:\/\/cursos.ufrrj.br\/grad\/fisica\/wp-json\/wp\/v2\/pages\/1628\/revisions\/2282"}],"wp:attachment":[{"href":"https:\/\/cursos.ufrrj.br\/grad\/fisica\/wp-json\/wp\/v2\/media?parent=1628"}],"curies":[{"name":"wp","href":"https:\/\/api.w.org\/{rel}","templated":true}]}}