{"id":892,"date":"2022-08-25T09:33:15","date_gmt":"2022-08-25T12:33:15","guid":{"rendered":"https:\/\/cursos.ufrrj.br\/grad\/farmacia-novo\/?page_id=892"},"modified":"2023-02-01T10:42:59","modified_gmt":"2023-02-01T13:42:59","slug":"estagios","status":"publish","type":"page","link":"https:\/\/cursos.ufrrj.br\/grad\/farmacia\/estagios\/","title":{"rendered":"Est\u00e1gios"},"content":{"rendered":"\n<p class=\"wp-block-paragraph\">Orienta\u00e7\u00f5es sobre Est\u00e1gios e Conv\u00eanios.<\/p>\n\n\n\n<p class=\"wp-block-paragraph\">Orienta\u00e7\u00f5es para preenchimento do Termo de Compromisso de Est\u00e1gio dos alunos da UFRRJ.<\/p>\n\n\n\n<p class=\"wp-block-paragraph\">O discente dever\u00e1 preencher o Termo de Compromisso digitalmente de acordo com a modalidade de est\u00e1gio que ir\u00e1 realizar.<\/p>\n\n\n\n<p class=\"wp-block-paragraph\">O Plano de Atividades de est\u00e1gio dever\u00e1 sempre acompanhar o Termo de Compromisso de Est\u00e1gio.<\/p>\n\n\n\n<p class=\"wp-block-paragraph\">Aten\u00e7\u00e3o: A carga hor\u00e1ria de est\u00e1gio n\u00e3o poder\u00e1 ser superior a 6 horas di\u00e1rias e 30 horas semanais.<\/p>\n\n\n\n<h2 class=\"wp-block-heading\">Termo de Compromisso:<\/h2>\n\n\n\n<p class=\"wp-block-paragraph\"><a href=\"https:\/\/institucional.ufrrj.br\/dest\/estagio\/termo-de-compromisso\/\">https:\/\/institucional.ufrrj.br\/dest\/estagio\/termo-de-compromisso\/<\/a><\/p>\n\n\n\n<h2 class=\"wp-block-heading\">Cadastro do est\u00e1gio obrigat\u00f3rio interno e externo durante a pandemia: <\/h2>\n\n\n\n<p class=\"wp-block-paragraph\"><a href=\"https:\/\/institucional.ufrrj.br\/dest\/2020\/09\/04\/orientacoes-aos-discentes-da-ufrrj-para-a-formalizacao-de-estagio-obrigatorio-interno-e-externo-com-a-emissao-de-termo-de-compromisso-de-estagio-durante-o-ece-estudos-continuados-emergenciai\/\">https:\/\/institucional.ufrrj.br\/dest\/2020\/09\/04\/orientacoes-aos-discentes-da-ufrrj-para-a-formalizacao-de-estagio-obrigatorio-interno-e-externo-com-a-emissao-de-termo-de-compromisso-de-estagio-durante-o-ece-estudos-continuados-emergenciai\/<\/a><\/p>\n\n\n\n<p class=\"wp-block-paragraph\">O Curso de Farm\u00e1cia decidiu de acordo com a Delibera\u00e7\u00e3o N\u00ba 148\/CEPE, 23 de Novembro de 2016, pela n\u00e3o obrigatoriedade dos conv\u00eanios.<\/p>\n\n\n\n<p class=\"wp-block-paragraph\">No caso da concedente exigir o conv\u00eanio, consultar a lista de empresas conveniadas:<\/p>\n\n\n\n<p class=\"wp-block-paragraph\"><a href=\"https:\/\/institucional.ufrrj.br\/dest\/empresa-conveniadas\/empresas-conveniadas\/\">https:\/\/institucional.ufrrj.br\/dest\/empresa-conveniadas\/empresas-conveniadas\/<\/a><\/p>\n\n\n\n<h2 class=\"wp-block-heading\">Arquivos para download:<\/h2>\n\n\n\n<p class=\"wp-block-paragraph\"><a href=\"https:\/\/cursos.ufrrj.br\/grad\/farmacia\/files\/2021\/09\/Anexo-1-Cadastro-Empresa_Estagio1.doc\">Anexo 1 <\/a>\u2013 Cadastro Empresa_Est\u00e1gio<\/p>\n\n\n\n<p class=\"wp-block-paragraph\"><a href=\"https:\/\/cursos.ufrrj.br\/grad\/farmacia\/files\/2021\/09\/Anexo-2-Memorando-de-celebracao-do-Estagio1.doc\">Anexo 2 <\/a>\u2013 Memorando de celebra\u00e7\u00e3o do Est\u00e1gio<\/p>\n\n\n\n<p class=\"wp-block-paragraph\"><a href=\"https:\/\/cursos.ufrrj.br\/grad\/farmacia-novo\/files\/2021\/09\/Anexo-3-Termo-de-compromisso-Estagios1.doc\">Anexo 3 <\/a>\u2013 Termo de compromisso Est\u00e1gios<\/p>\n\n\n\n<p class=\"wp-block-paragraph\"><a href=\"https:\/\/cursos.ufrrj.br\/grad\/farmacia\/files\/2021\/09\/Anexo-4-Carta-encaminhamento-Estagio1.doc\">Anexo 4<\/a> \u2013 Carta encaminhamento Est\u00e1gio<\/p>\n\n\n\n<p class=\"wp-block-paragraph\"><a href=\"https:\/\/cursos.ufrrj.br\/grad\/farmacia\/files\/2021\/09\/Anexo-5-Requerimento-de-Cancelamento-de-Estagio-alunos-da-UFRRJ.pdf\">Anexo 5<\/a> \u2013 Requerimento de Cancelamento de Estagio-alunos da UFRRJ<\/p>\n\n\n\n<p class=\"wp-block-paragraph\"><a href=\"https:\/\/cursos.ufrrj.br\/grad\/farmacia\/files\/2021\/09\/Anexo-6-Solicitacao-de-Certificado-Obrigatorio.pdf\">Anexo 6<\/a> \u2013 Solicita\u00e7\u00e3o de Certificado Obrigat\u00f3rio<\/p>\n\n\n\n<p class=\"wp-block-paragraph\"><a href=\"https:\/\/cursos.ufrrj.br\/grad\/farmacia\/files\/2021\/09\/Anexo-7-Folha-de-avaliacao-do-supervisor.docx\">Anexo 7<\/a> \u2013 Folha de avalia\u00e7\u00e3o do supervisor<\/p>\n\n\n\n<p class=\"wp-block-paragraph\"><a href=\"https:\/\/cursos.ufrrj.br\/grad\/farmacia\/files\/2021\/09\/Anexo-8-Declaracao-de-cumprimento-de-carga-horaria.docx\">Anexo 8<\/a> -Declara\u00e7\u00e3o de cumprimento de carga hor\u00e1ria<\/p>\n\n\n\n<p class=\"wp-block-paragraph\"><a href=\"https:\/\/cursos.ufrrj.br\/grad\/farmacia\/files\/2021\/09\/Anexo-9-Plano-de-Estagio-nao-curricular.docx\">Anexo 9<\/a> \u2013 Plano de Est\u00e1gio n\u00e3o curricular <\/p>\n\n\n\n<p class=\"wp-block-paragraph\"><a href=\"https:\/\/cursos.ufrrj.br\/grad\/farmacia\/files\/2021\/09\/Manual-de-estagios-Farmacia_Final1.pdf\">Manual de est\u00e1gios Farm\u00e1cia_Final<\/a><\/p>\n\n\n\n<p class=\"wp-block-paragraph\"><a href=\"https:\/\/cursos.ufrrj.br\/grad\/farmacia\/files\/2021\/09\/Manual-de-estagios-Farmacia_Final2.pdf\">Manual de est\u00e1gios Farm\u00e1cia_Final 2<\/a><\/p>\n\n\n\n<p class=\"wp-block-paragraph\"><a href=\"https:\/\/cursos.ufrrj.br\/grad\/farmacia\/files\/2021\/09\/Lei-11788-Lei-do-estagio1.pdf\">Lei n\u00ba 11.788<\/a> \u2013 Lei do Est\u00e1gio<\/p>\n","protected":false},"excerpt":{"rendered":"<p>Orienta\u00e7\u00f5es sobre Est\u00e1gios e Conv\u00eanios. Orienta\u00e7\u00f5es para preenchimento do Termo de Compromisso de Est\u00e1gio dos alunos da UFRRJ. O discente dever\u00e1 preencher [&hellip;]<\/p>\n","protected":false},"author":79,"featured_media":0,"parent":0,"menu_order":0,"comment_status":"closed","ping_status":"closed","template":"page-combarra.php","meta":{"_acf_changed":false,"ngg_post_thumbnail":0,"footnotes":""},"class_list":["post-892","page","type-page","status-publish","hentry"],"yoast_head":"<!-- This site is optimized with the Yoast SEO plugin v28.3 - https:\/\/yoast.com\/product\/yoast-seo-wordpress\/ -->\n<title>Est\u00e1gios - Gradua\u00e7\u00e3o em Farm\u00e1cia<\/title>\n<meta name=\"robots\" content=\"index, follow, max-snippet:-1, max-image-preview:large, max-video-preview:-1\" \/>\n<link rel=\"canonical\" href=\"https:\/\/cursos.ufrrj.br\/grad\/farmacia\/estagios\/\" \/>\n<meta property=\"og:locale\" content=\"pt_BR\" \/>\n<meta property=\"og:type\" content=\"article\" \/>\n<meta property=\"og:title\" content=\"Est\u00e1gios - Gradua\u00e7\u00e3o em Farm\u00e1cia\" \/>\n<meta property=\"og:description\" content=\"Orienta\u00e7\u00f5es sobre Est\u00e1gios e Conv\u00eanios. Orienta\u00e7\u00f5es para preenchimento do Termo de Compromisso de Est\u00e1gio dos alunos da UFRRJ. O discente dever\u00e1 preencher [&hellip;]\" \/>\n<meta property=\"og:url\" content=\"https:\/\/cursos.ufrrj.br\/grad\/farmacia\/estagios\/\" \/>\n<meta property=\"og:site_name\" content=\"Gradua\u00e7\u00e3o em Farm\u00e1cia\" \/>\n<meta property=\"article:modified_time\" content=\"2023-02-01T13:42:59+00:00\" \/>\n<meta name=\"twitter:card\" content=\"summary_large_image\" \/>\n<meta name=\"twitter:label1\" content=\"Est. tempo de leitura\" \/>\n\t<meta name=\"twitter:data1\" content=\"1 minuto\" \/>\n<script type=\"application\/ld+json\" class=\"yoast-schema-graph\">{\"@context\":\"https:\\\/\\\/schema.org\",\"@graph\":[{\"@type\":\"WebPage\",\"@id\":\"https:\\\/\\\/cursos.ufrrj.br\\\/grad\\\/farmacia\\\/estagios\\\/\",\"url\":\"https:\\\/\\\/cursos.ufrrj.br\\\/grad\\\/farmacia\\\/estagios\\\/\",\"name\":\"Est\u00e1gios - Gradua\u00e7\u00e3o em Farm\u00e1cia\",\"isPartOf\":{\"@id\":\"https:\\\/\\\/cursos.ufrrj.br\\\/grad\\\/farmacia\\\/#website\"},\"datePublished\":\"2022-08-25T12:33:15+00:00\",\"dateModified\":\"2023-02-01T13:42:59+00:00\",\"breadcrumb\":{\"@id\":\"https:\\\/\\\/cursos.ufrrj.br\\\/grad\\\/farmacia\\\/estagios\\\/#breadcrumb\"},\"inLanguage\":\"pt-BR\",\"potentialAction\":[{\"@type\":\"ReadAction\",\"target\":[\"https:\\\/\\\/cursos.ufrrj.br\\\/grad\\\/farmacia\\\/estagios\\\/\"]}]},{\"@type\":\"BreadcrumbList\",\"@id\":\"https:\\\/\\\/cursos.ufrrj.br\\\/grad\\\/farmacia\\\/estagios\\\/#breadcrumb\",\"itemListElement\":[{\"@type\":\"ListItem\",\"position\":1,\"name\":\"In\u00edcio\",\"item\":\"https:\\\/\\\/cursos.ufrrj.br\\\/grad\\\/farmacia\\\/\"},{\"@type\":\"ListItem\",\"position\":2,\"name\":\"Est\u00e1gios\"}]},{\"@type\":\"WebSite\",\"@id\":\"https:\\\/\\\/cursos.ufrrj.br\\\/grad\\\/farmacia\\\/#website\",\"url\":\"https:\\\/\\\/cursos.ufrrj.br\\\/grad\\\/farmacia\\\/\",\"name\":\"Gradua\u00e7\u00e3o em Farm\u00e1cia\",\"description\":\"Campus Serop\u00e9dica \u2013 UFRRJ\",\"publisher\":{\"@id\":\"https:\\\/\\\/cursos.ufrrj.br\\\/grad\\\/farmacia\\\/#organization\"},\"potentialAction\":[{\"@type\":\"SearchAction\",\"target\":{\"@type\":\"EntryPoint\",\"urlTemplate\":\"https:\\\/\\\/cursos.ufrrj.br\\\/grad\\\/farmacia\\\/?s={search_term_string}\"},\"query-input\":{\"@type\":\"PropertyValueSpecification\",\"valueRequired\":true,\"valueName\":\"search_term_string\"}}],\"inLanguage\":\"pt-BR\"},{\"@type\":\"Organization\",\"@id\":\"https:\\\/\\\/cursos.ufrrj.br\\\/grad\\\/farmacia\\\/#organization\",\"name\":\"Gradua\u00e7\u00e3o em Farm\u00e1cia\",\"url\":\"https:\\\/\\\/cursos.ufrrj.br\\\/grad\\\/farmacia\\\/\",\"logo\":{\"@type\":\"ImageObject\",\"inLanguage\":\"pt-BR\",\"@id\":\"https:\\\/\\\/cursos.ufrrj.br\\\/grad\\\/farmacia\\\/#\\\/schema\\\/logo\\\/image\\\/\",\"url\":\"https:\\\/\\\/cursos.ufrrj.br\\\/grad\\\/farmacia\\\/files\\\/2021\\\/09\\\/banner-exemplo-1.png\",\"contentUrl\":\"https:\\\/\\\/cursos.ufrrj.br\\\/grad\\\/farmacia\\\/files\\\/2021\\\/09\\\/banner-exemplo-1.png\",\"width\":1150,\"height\":300,\"caption\":\"Gradua\u00e7\u00e3o em Farm\u00e1cia\"},\"image\":{\"@id\":\"https:\\\/\\\/cursos.ufrrj.br\\\/grad\\\/farmacia\\\/#\\\/schema\\\/logo\\\/image\\\/\"}}]}<\/script>\n<!-- \/ Yoast SEO plugin. -->","yoast_head_json":{"title":"Est\u00e1gios - Gradua\u00e7\u00e3o em Farm\u00e1cia","robots":{"index":"index","follow":"follow","max-snippet":"max-snippet:-1","max-image-preview":"max-image-preview:large","max-video-preview":"max-video-preview:-1"},"canonical":"https:\/\/cursos.ufrrj.br\/grad\/farmacia\/estagios\/","og_locale":"pt_BR","og_type":"article","og_title":"Est\u00e1gios - Gradua\u00e7\u00e3o em Farm\u00e1cia","og_description":"Orienta\u00e7\u00f5es sobre Est\u00e1gios e Conv\u00eanios. Orienta\u00e7\u00f5es para preenchimento do Termo de Compromisso de Est\u00e1gio dos alunos da UFRRJ. O discente dever\u00e1 preencher [&hellip;]","og_url":"https:\/\/cursos.ufrrj.br\/grad\/farmacia\/estagios\/","og_site_name":"Gradua\u00e7\u00e3o em Farm\u00e1cia","article_modified_time":"2023-02-01T13:42:59+00:00","twitter_card":"summary_large_image","twitter_misc":{"Est. tempo de leitura":"1 minuto"},"schema":{"@context":"https:\/\/schema.org","@graph":[{"@type":"WebPage","@id":"https:\/\/cursos.ufrrj.br\/grad\/farmacia\/estagios\/","url":"https:\/\/cursos.ufrrj.br\/grad\/farmacia\/estagios\/","name":"Est\u00e1gios - Gradua\u00e7\u00e3o em Farm\u00e1cia","isPartOf":{"@id":"https:\/\/cursos.ufrrj.br\/grad\/farmacia\/#website"},"datePublished":"2022-08-25T12:33:15+00:00","dateModified":"2023-02-01T13:42:59+00:00","breadcrumb":{"@id":"https:\/\/cursos.ufrrj.br\/grad\/farmacia\/estagios\/#breadcrumb"},"inLanguage":"pt-BR","potentialAction":[{"@type":"ReadAction","target":["https:\/\/cursos.ufrrj.br\/grad\/farmacia\/estagios\/"]}]},{"@type":"BreadcrumbList","@id":"https:\/\/cursos.ufrrj.br\/grad\/farmacia\/estagios\/#breadcrumb","itemListElement":[{"@type":"ListItem","position":1,"name":"In\u00edcio","item":"https:\/\/cursos.ufrrj.br\/grad\/farmacia\/"},{"@type":"ListItem","position":2,"name":"Est\u00e1gios"}]},{"@type":"WebSite","@id":"https:\/\/cursos.ufrrj.br\/grad\/farmacia\/#website","url":"https:\/\/cursos.ufrrj.br\/grad\/farmacia\/","name":"Gradua\u00e7\u00e3o em Farm\u00e1cia","description":"Campus Serop\u00e9dica \u2013 UFRRJ","publisher":{"@id":"https:\/\/cursos.ufrrj.br\/grad\/farmacia\/#organization"},"potentialAction":[{"@type":"SearchAction","target":{"@type":"EntryPoint","urlTemplate":"https:\/\/cursos.ufrrj.br\/grad\/farmacia\/?s={search_term_string}"},"query-input":{"@type":"PropertyValueSpecification","valueRequired":true,"valueName":"search_term_string"}}],"inLanguage":"pt-BR"},{"@type":"Organization","@id":"https:\/\/cursos.ufrrj.br\/grad\/farmacia\/#organization","name":"Gradua\u00e7\u00e3o em Farm\u00e1cia","url":"https:\/\/cursos.ufrrj.br\/grad\/farmacia\/","logo":{"@type":"ImageObject","inLanguage":"pt-BR","@id":"https:\/\/cursos.ufrrj.br\/grad\/farmacia\/#\/schema\/logo\/image\/","url":"https:\/\/cursos.ufrrj.br\/grad\/farmacia\/files\/2021\/09\/banner-exemplo-1.png","contentUrl":"https:\/\/cursos.ufrrj.br\/grad\/farmacia\/files\/2021\/09\/banner-exemplo-1.png","width":1150,"height":300,"caption":"Gradua\u00e7\u00e3o em Farm\u00e1cia"},"image":{"@id":"https:\/\/cursos.ufrrj.br\/grad\/farmacia\/#\/schema\/logo\/image\/"}}]}},"acf":[],"_links":{"self":[{"href":"https:\/\/cursos.ufrrj.br\/grad\/farmacia\/wp-json\/wp\/v2\/pages\/892","targetHints":{"allow":["GET"]}}],"collection":[{"href":"https:\/\/cursos.ufrrj.br\/grad\/farmacia\/wp-json\/wp\/v2\/pages"}],"about":[{"href":"https:\/\/cursos.ufrrj.br\/grad\/farmacia\/wp-json\/wp\/v2\/types\/page"}],"author":[{"embeddable":true,"href":"https:\/\/cursos.ufrrj.br\/grad\/farmacia\/wp-json\/wp\/v2\/users\/79"}],"replies":[{"embeddable":true,"href":"https:\/\/cursos.ufrrj.br\/grad\/farmacia\/wp-json\/wp\/v2\/comments?post=892"}],"version-history":[{"count":4,"href":"https:\/\/cursos.ufrrj.br\/grad\/farmacia\/wp-json\/wp\/v2\/pages\/892\/revisions"}],"predecessor-version":[{"id":1156,"href":"https:\/\/cursos.ufrrj.br\/grad\/farmacia\/wp-json\/wp\/v2\/pages\/892\/revisions\/1156"}],"wp:attachment":[{"href":"https:\/\/cursos.ufrrj.br\/grad\/farmacia\/wp-json\/wp\/v2\/media?parent=892"}],"curies":[{"name":"wp","href":"https:\/\/api.w.org\/{rel}","templated":true}]}}