{"id":690,"date":"2022-08-22T13:54:31","date_gmt":"2022-08-22T16:54:31","guid":{"rendered":"https:\/\/cursos.ufrrj.br\/grad\/farmacia-novo\/?page_id=690"},"modified":"2022-09-15T16:19:09","modified_gmt":"2022-09-15T19:19:09","slug":"projetos-de-pesquisa","status":"publish","type":"page","link":"https:\/\/cursos.ufrrj.br\/grad\/farmacia\/projetos-de-pesquisa\/","title":{"rendered":"Projetos de Pesquisa"},"content":{"rendered":"\n<p class=\"wp-block-paragraph\">Projetos de Pesquisa que encontram-se em andamento por orienta\u00e7\u00e3o de docentes do Curso de Farm\u00e1cia da UFRRJ.<\/p>\n\n\n\n<p class=\"wp-block-paragraph\"><strong>Coordenador Dra&nbsp;Alba Cen\u00e9lia Matos da Silva<\/strong><\/p>\n\n\n\n<ul class=\"wp-block-list\"><li>Trabalho com exerc\u00edcio, diabetes, tireoide e infarto.<\/li><\/ul>\n\n\n\n<p class=\"wp-block-paragraph\"><strong>Coordenador Dr&nbsp;Carlos Mauricio R. Sant\u00b4Anna<\/strong><\/p>\n\n\n\n<ul class=\"wp-block-list\"><li>Modelagem molecular de compostos bioativos.<\/li><\/ul>\n\n\n\n<p class=\"wp-block-paragraph\"><strong>Coordenador Dr&nbsp;Cedric Stephan Graebin<\/strong><\/p>\n\n\n\n<ul class=\"wp-block-list\"><li>Qu\u00edmica Medicinal, S\u00edntese Org\u00e2nica, Compostos heterociclos.<\/li><\/ul>\n\n\n\n<p class=\"wp-block-paragraph\"><strong>Coordenador Dr&nbsp;Cristiano Jorge Riger<\/strong><\/p>\n\n\n\n<ul class=\"wp-block-list\"><li>Estudo sobre estresse oxidativo e radicais livres em c\u00e9lulas de levedura.<\/li><\/ul>\n\n\n\n<p class=\"wp-block-paragraph\"><strong>Coordenador Dra D\u00e9bora&nbsp;Decote Ricardo de Lima<\/strong><\/p>\n\n\n\n<ul class=\"wp-block-list\"><li>Modula\u00e7\u00e3o de c\u00e9lulas do sistema imunit\u00e1rio em doen\u00e7as parasit\u00e1rias: impacto na prote\u00e7\u00e3o e imunopatologia. Efeito modulador e microbicida de produtos naturais: relev\u00e2ncia no controle da resposta inflamat\u00f3ria e morte de microrganismos patog\u00eanicos e oportunistas.<\/li><\/ul>\n\n\n\n<p class=\"wp-block-paragraph\"><strong>Coordenador Dra&nbsp;Denise Monnerat Nogueira<\/strong><\/p>\n\n\n\n<ul class=\"wp-block-list\"><li>\u00c1rea de Concentra\u00e7\u00e3o: Gen\u00e9tica Animal. Linha de Pesquisa: Polimorfismo Gen\u00e9tico em Animais Dom\u00e9sticos.<\/li><\/ul>\n\n\n\n<p class=\"wp-block-paragraph\"><strong>Coordenador Dr Douglas&nbsp;<\/strong><strong>Siqueira de Almeida Chaves<\/strong><\/p>\n\n\n\n<ul class=\"wp-block-list\"><li>Produtos Naturais, de origem vegetal e animal, a atividades biol\u00f3gicas.<\/li><\/ul>\n\n\n\n<p class=\"wp-block-paragraph\"><strong>Coordenador Dra Isabele da Costa \u00c2ngelo&nbsp;<\/strong><\/p>\n\n\n\n<ul class=\"wp-block-list\"><li>Avalia\u00e7\u00e3o da resposta imune de f\u00eameas ingurgitadas de carrapatos infectadas com fungos entomopatog\u00eanicos;<\/li><li>Doen\u00e7as Parasit\u00e1rias Animal, Bioecologia, Imunopatologia, Tratamento e Controle;<\/li><li>Esp\u00e9cies de fungos entomopatog\u00eanicos associados a carrapatos: isolamento, identifica\u00e7\u00e3o e patogenicidade;<\/li><li>Medicina Veterin\u00e1ria Tropical e Parasitologia.<\/li><\/ul>\n\n\n\n<p class=\"wp-block-paragraph\"><strong>Coordenador Dr&nbsp;Jairo Pinheiro da Silva<\/strong><\/p>\n\n\n\n<ul class=\"wp-block-list\"><li>Morfologia e ultraestrutura de larvas de helmintos e Fisiologia comparada de moluscos hospedeiros de interesse m\u00e9dico-veterin\u00e1rio.<\/li><\/ul>\n\n\n\n<p class=\"wp-block-paragraph\"><strong>Coordenador Dra Jaqueline Rocha Borges dos Santos<\/strong><strong><\/strong><\/p>\n\n\n\n<ul class=\"wp-block-list\"><li>Estudo de Utiliza\u00e7\u00e3o de Medicamentos (EUM);<\/li><li>Farmacovigil\u00e2ncia;<\/li><li>Estudo da rela\u00e7\u00e3o estresse-etanol na neurotransmiss\u00e3o glutamat\u00e9rgica.<\/li><\/ul>\n\n\n\n<p class=\"wp-block-paragraph\"><strong>Coordenador Dra&nbsp;Leilane Maria Barcellos Nepomuceno<\/strong><\/p>\n\n\n\n<ul class=\"wp-block-list\"><li>Estudo de c\u00e9lulas &nbsp;neuroend\u00f3crinas do sistema digest\u00f3rio de vertebrados;<\/li><li>Avalia\u00e7\u00e3o histol\u00f3gica de \u00f3rg\u00e3os de peixes tele\u00f3steos;<\/li><li>Estudo Histol\u00f3gico do sistema digest\u00f3rio de aves.<\/li><\/ul>\n\n\n\n<p class=\"wp-block-paragraph\"><strong>Coordenador Dra&nbsp;Luciana Macedo Brito<\/strong><\/p>\n\n\n\n<ul class=\"wp-block-list\"><li>Desenvolvimento de Sistemas polim\u00e9ricos para libera\u00e7\u00e3o de f\u00e1rmacos.<\/li><\/ul>\n\n\n\n<p class=\"wp-block-paragraph\"><strong>Coordenador Dr&nbsp;Luciano Gon\u00e7alves Fernandes<\/strong><\/p>\n\n\n\n<ul class=\"wp-block-list\"><li>Controle Neural da Circula\u00e7\u00e3o.<\/li><\/ul>\n\n\n\n<p class=\"wp-block-paragraph\"><strong>Coordenador Dra&nbsp;Miliane Moreira Soares de Souza<\/strong><\/p>\n\n\n\n<ul class=\"wp-block-list\"><li>Resist\u00eancia Antimicrobiana.<\/li><\/ul>\n\n\n\n<p class=\"wp-block-paragraph\"><strong>Coordenador Dra&nbsp;Renata Barbosa Lacerda<\/strong><\/p>\n\n\n\n<ul class=\"wp-block-list\"><li>Qu\u00edmica Medicinal.<\/li><\/ul>\n\n\n\n<p class=\"wp-block-paragraph\"><strong>Coordenador Dra&nbsp;Sharon Santos de Lima<\/strong><\/p>\n\n\n\n<ul class=\"wp-block-list\"><li>Anatomia Vegetal;<\/li><li>Farmacobot\u00e2nica;<\/li><li>Cultura de Tecidos Vegetais;<\/li><li>Cultivo de Plantas Medicinais.<\/li><\/ul>\n\n\n\n<p class=\"wp-block-paragraph\"><strong>Coordenador Dra&nbsp;Viviane Moreira de Lima<\/strong><\/p>\n\n\n\n<ul class=\"wp-block-list\"><li>Avalia\u00e7\u00e3o do potencial citot\u00f3xico e genot\u00f3xico de extratos de plantas;<\/li><li>Atividade anti-helm\u00edntica de extratos de plantas.<\/li><\/ul>\n","protected":false},"excerpt":{"rendered":"<p>Projetos de Pesquisa que encontram-se em andamento por orienta\u00e7\u00e3o de docentes do Curso de Farm\u00e1cia da UFRRJ. Coordenador Dra&nbsp;Alba Cen\u00e9lia Matos da [&hellip;]<\/p>\n","protected":false},"author":79,"featured_media":0,"parent":0,"menu_order":0,"comment_status":"closed","ping_status":"closed","template":"page-combarra.php","meta":{"_acf_changed":false,"ngg_post_thumbnail":0,"footnotes":""},"class_list":["post-690","page","type-page","status-publish","hentry"],"yoast_head":"<!-- This site is optimized with the Yoast SEO plugin v28.3 - https:\/\/yoast.com\/product\/yoast-seo-wordpress\/ -->\n<title>Projetos de Pesquisa - Gradua\u00e7\u00e3o em Farm\u00e1cia<\/title>\n<meta name=\"robots\" content=\"index, follow, max-snippet:-1, max-image-preview:large, max-video-preview:-1\" \/>\n<link rel=\"canonical\" href=\"https:\/\/cursos.ufrrj.br\/grad\/farmacia\/projetos-de-pesquisa\/\" \/>\n<meta property=\"og:locale\" content=\"pt_BR\" \/>\n<meta property=\"og:type\" content=\"article\" \/>\n<meta property=\"og:title\" content=\"Projetos de Pesquisa - Gradua\u00e7\u00e3o em Farm\u00e1cia\" \/>\n<meta property=\"og:description\" content=\"Projetos de Pesquisa que encontram-se em andamento por orienta\u00e7\u00e3o de docentes do Curso de Farm\u00e1cia da UFRRJ. Coordenador Dra&nbsp;Alba Cen\u00e9lia Matos da [&hellip;]\" \/>\n<meta property=\"og:url\" content=\"https:\/\/cursos.ufrrj.br\/grad\/farmacia\/projetos-de-pesquisa\/\" \/>\n<meta property=\"og:site_name\" content=\"Gradua\u00e7\u00e3o em Farm\u00e1cia\" \/>\n<meta property=\"article:modified_time\" content=\"2022-09-15T19:19:09+00:00\" \/>\n<meta name=\"twitter:card\" content=\"summary_large_image\" \/>\n<meta name=\"twitter:label1\" content=\"Est. tempo de leitura\" \/>\n\t<meta name=\"twitter:data1\" content=\"2 minutos\" \/>\n<script type=\"application\/ld+json\" class=\"yoast-schema-graph\">{\"@context\":\"https:\\\/\\\/schema.org\",\"@graph\":[{\"@type\":\"WebPage\",\"@id\":\"https:\\\/\\\/cursos.ufrrj.br\\\/grad\\\/farmacia\\\/projetos-de-pesquisa\\\/\",\"url\":\"https:\\\/\\\/cursos.ufrrj.br\\\/grad\\\/farmacia\\\/projetos-de-pesquisa\\\/\",\"name\":\"Projetos de Pesquisa - Gradua\u00e7\u00e3o em Farm\u00e1cia\",\"isPartOf\":{\"@id\":\"https:\\\/\\\/cursos.ufrrj.br\\\/grad\\\/farmacia\\\/#website\"},\"datePublished\":\"2022-08-22T16:54:31+00:00\",\"dateModified\":\"2022-09-15T19:19:09+00:00\",\"breadcrumb\":{\"@id\":\"https:\\\/\\\/cursos.ufrrj.br\\\/grad\\\/farmacia\\\/projetos-de-pesquisa\\\/#breadcrumb\"},\"inLanguage\":\"pt-BR\",\"potentialAction\":[{\"@type\":\"ReadAction\",\"target\":[\"https:\\\/\\\/cursos.ufrrj.br\\\/grad\\\/farmacia\\\/projetos-de-pesquisa\\\/\"]}]},{\"@type\":\"BreadcrumbList\",\"@id\":\"https:\\\/\\\/cursos.ufrrj.br\\\/grad\\\/farmacia\\\/projetos-de-pesquisa\\\/#breadcrumb\",\"itemListElement\":[{\"@type\":\"ListItem\",\"position\":1,\"name\":\"In\u00edcio\",\"item\":\"https:\\\/\\\/cursos.ufrrj.br\\\/grad\\\/farmacia\\\/\"},{\"@type\":\"ListItem\",\"position\":2,\"name\":\"Projetos de Pesquisa\"}]},{\"@type\":\"WebSite\",\"@id\":\"https:\\\/\\\/cursos.ufrrj.br\\\/grad\\\/farmacia\\\/#website\",\"url\":\"https:\\\/\\\/cursos.ufrrj.br\\\/grad\\\/farmacia\\\/\",\"name\":\"Gradua\u00e7\u00e3o em Farm\u00e1cia\",\"description\":\"Campus Serop\u00e9dica \u2013 UFRRJ\",\"publisher\":{\"@id\":\"https:\\\/\\\/cursos.ufrrj.br\\\/grad\\\/farmacia\\\/#organization\"},\"potentialAction\":[{\"@type\":\"SearchAction\",\"target\":{\"@type\":\"EntryPoint\",\"urlTemplate\":\"https:\\\/\\\/cursos.ufrrj.br\\\/grad\\\/farmacia\\\/?s={search_term_string}\"},\"query-input\":{\"@type\":\"PropertyValueSpecification\",\"valueRequired\":true,\"valueName\":\"search_term_string\"}}],\"inLanguage\":\"pt-BR\"},{\"@type\":\"Organization\",\"@id\":\"https:\\\/\\\/cursos.ufrrj.br\\\/grad\\\/farmacia\\\/#organization\",\"name\":\"Gradua\u00e7\u00e3o em Farm\u00e1cia\",\"url\":\"https:\\\/\\\/cursos.ufrrj.br\\\/grad\\\/farmacia\\\/\",\"logo\":{\"@type\":\"ImageObject\",\"inLanguage\":\"pt-BR\",\"@id\":\"https:\\\/\\\/cursos.ufrrj.br\\\/grad\\\/farmacia\\\/#\\\/schema\\\/logo\\\/image\\\/\",\"url\":\"https:\\\/\\\/cursos.ufrrj.br\\\/grad\\\/farmacia\\\/files\\\/2021\\\/09\\\/banner-exemplo-1.png\",\"contentUrl\":\"https:\\\/\\\/cursos.ufrrj.br\\\/grad\\\/farmacia\\\/files\\\/2021\\\/09\\\/banner-exemplo-1.png\",\"width\":1150,\"height\":300,\"caption\":\"Gradua\u00e7\u00e3o em Farm\u00e1cia\"},\"image\":{\"@id\":\"https:\\\/\\\/cursos.ufrrj.br\\\/grad\\\/farmacia\\\/#\\\/schema\\\/logo\\\/image\\\/\"}}]}<\/script>\n<!-- \/ Yoast SEO plugin. -->","yoast_head_json":{"title":"Projetos de Pesquisa - Gradua\u00e7\u00e3o em Farm\u00e1cia","robots":{"index":"index","follow":"follow","max-snippet":"max-snippet:-1","max-image-preview":"max-image-preview:large","max-video-preview":"max-video-preview:-1"},"canonical":"https:\/\/cursos.ufrrj.br\/grad\/farmacia\/projetos-de-pesquisa\/","og_locale":"pt_BR","og_type":"article","og_title":"Projetos de Pesquisa - Gradua\u00e7\u00e3o em Farm\u00e1cia","og_description":"Projetos de Pesquisa que encontram-se em andamento por orienta\u00e7\u00e3o de docentes do Curso de Farm\u00e1cia da UFRRJ. Coordenador Dra&nbsp;Alba Cen\u00e9lia Matos da [&hellip;]","og_url":"https:\/\/cursos.ufrrj.br\/grad\/farmacia\/projetos-de-pesquisa\/","og_site_name":"Gradua\u00e7\u00e3o em Farm\u00e1cia","article_modified_time":"2022-09-15T19:19:09+00:00","twitter_card":"summary_large_image","twitter_misc":{"Est. tempo de leitura":"2 minutos"},"schema":{"@context":"https:\/\/schema.org","@graph":[{"@type":"WebPage","@id":"https:\/\/cursos.ufrrj.br\/grad\/farmacia\/projetos-de-pesquisa\/","url":"https:\/\/cursos.ufrrj.br\/grad\/farmacia\/projetos-de-pesquisa\/","name":"Projetos de Pesquisa - Gradua\u00e7\u00e3o em Farm\u00e1cia","isPartOf":{"@id":"https:\/\/cursos.ufrrj.br\/grad\/farmacia\/#website"},"datePublished":"2022-08-22T16:54:31+00:00","dateModified":"2022-09-15T19:19:09+00:00","breadcrumb":{"@id":"https:\/\/cursos.ufrrj.br\/grad\/farmacia\/projetos-de-pesquisa\/#breadcrumb"},"inLanguage":"pt-BR","potentialAction":[{"@type":"ReadAction","target":["https:\/\/cursos.ufrrj.br\/grad\/farmacia\/projetos-de-pesquisa\/"]}]},{"@type":"BreadcrumbList","@id":"https:\/\/cursos.ufrrj.br\/grad\/farmacia\/projetos-de-pesquisa\/#breadcrumb","itemListElement":[{"@type":"ListItem","position":1,"name":"In\u00edcio","item":"https:\/\/cursos.ufrrj.br\/grad\/farmacia\/"},{"@type":"ListItem","position":2,"name":"Projetos de Pesquisa"}]},{"@type":"WebSite","@id":"https:\/\/cursos.ufrrj.br\/grad\/farmacia\/#website","url":"https:\/\/cursos.ufrrj.br\/grad\/farmacia\/","name":"Gradua\u00e7\u00e3o em Farm\u00e1cia","description":"Campus Serop\u00e9dica \u2013 UFRRJ","publisher":{"@id":"https:\/\/cursos.ufrrj.br\/grad\/farmacia\/#organization"},"potentialAction":[{"@type":"SearchAction","target":{"@type":"EntryPoint","urlTemplate":"https:\/\/cursos.ufrrj.br\/grad\/farmacia\/?s={search_term_string}"},"query-input":{"@type":"PropertyValueSpecification","valueRequired":true,"valueName":"search_term_string"}}],"inLanguage":"pt-BR"},{"@type":"Organization","@id":"https:\/\/cursos.ufrrj.br\/grad\/farmacia\/#organization","name":"Gradua\u00e7\u00e3o em Farm\u00e1cia","url":"https:\/\/cursos.ufrrj.br\/grad\/farmacia\/","logo":{"@type":"ImageObject","inLanguage":"pt-BR","@id":"https:\/\/cursos.ufrrj.br\/grad\/farmacia\/#\/schema\/logo\/image\/","url":"https:\/\/cursos.ufrrj.br\/grad\/farmacia\/files\/2021\/09\/banner-exemplo-1.png","contentUrl":"https:\/\/cursos.ufrrj.br\/grad\/farmacia\/files\/2021\/09\/banner-exemplo-1.png","width":1150,"height":300,"caption":"Gradua\u00e7\u00e3o em Farm\u00e1cia"},"image":{"@id":"https:\/\/cursos.ufrrj.br\/grad\/farmacia\/#\/schema\/logo\/image\/"}}]}},"acf":[],"_links":{"self":[{"href":"https:\/\/cursos.ufrrj.br\/grad\/farmacia\/wp-json\/wp\/v2\/pages\/690","targetHints":{"allow":["GET"]}}],"collection":[{"href":"https:\/\/cursos.ufrrj.br\/grad\/farmacia\/wp-json\/wp\/v2\/pages"}],"about":[{"href":"https:\/\/cursos.ufrrj.br\/grad\/farmacia\/wp-json\/wp\/v2\/types\/page"}],"author":[{"embeddable":true,"href":"https:\/\/cursos.ufrrj.br\/grad\/farmacia\/wp-json\/wp\/v2\/users\/79"}],"replies":[{"embeddable":true,"href":"https:\/\/cursos.ufrrj.br\/grad\/farmacia\/wp-json\/wp\/v2\/comments?post=690"}],"version-history":[{"count":1,"href":"https:\/\/cursos.ufrrj.br\/grad\/farmacia\/wp-json\/wp\/v2\/pages\/690\/revisions"}],"predecessor-version":[{"id":691,"href":"https:\/\/cursos.ufrrj.br\/grad\/farmacia\/wp-json\/wp\/v2\/pages\/690\/revisions\/691"}],"wp:attachment":[{"href":"https:\/\/cursos.ufrrj.br\/grad\/farmacia\/wp-json\/wp\/v2\/media?parent=690"}],"curies":[{"name":"wp","href":"https:\/\/api.w.org\/{rel}","templated":true}]}}